{"id":37235,"date":"2025-12-09T15:40:18","date_gmt":"2025-12-09T14:40:18","guid":{"rendered":"https:\/\/www.sonnenklar.tv\/blog\/?page_id=37235"},"modified":"2026-04-30T16:20:46","modified_gmt":"2026-04-30T14:20:46","slug":"home-neu","status":"publish","type":"page","link":"https:\/\/www.sonnenklar.tv\/blog\/","title":{"rendered":"Home Neu"},"content":{"rendered":"\t\t<div data-elementor-type=\"wp-page\" data-elementor-id=\"37235\" class=\"elementor elementor-37235\">\n\t\t\t\t\t\t<section class=\"elementor-section elementor-top-section elementor-element elementor-element-163e3d1 elementor-section-boxed elementor-section-height-default elementor-section-height-default\" data-id=\"163e3d1\" data-element_type=\"section\" data-e-type=\"section\">\n\t\t\t\t\t\t<div class=\"elementor-container elementor-column-gap-default\">\n\t\t\t\t\t<div class=\"elementor-column elementor-col-100 elementor-top-column elementor-element elementor-element-c5060cc\" data-id=\"c5060cc\" data-element_type=\"column\" data-e-type=\"column\">\n\t\t\t<div class=\"elementor-widget-wrap elementor-element-populated\">\n\t\t\t\t\t\t<div class=\"elementor-element elementor-element-8dbf426 elementor-widget elementor-widget-spacer\" data-id=\"8dbf426\" data-element_type=\"widget\" data-e-type=\"widget\" data-widget_type=\"spacer.default\">\n\t\t\t\t\t\t\t<div class=\"elementor-spacer\">\n\t\t\t<div class=\"elementor-spacer-inner\"><\/div>\n\t\t<\/div>\n\t\t\t\t\t\t<\/div>\n\t\t\t\t\t<\/div>\n\t\t<\/div>\n\t\t\t\t\t<\/div>\n\t\t<\/section>\n\t\t\t\t<section class=\"has-el-gap el-gap-default elementor-section elementor-top-section elementor-element elementor-element-1d2b962a elementor-section-boxed elementor-section-height-default elementor-section-height-default\" data-id=\"1d2b962a\" data-element_type=\"section\" data-e-type=\"section\">\n\t\t\t\t\t\t<div class=\"elementor-container elementor-column-gap-no\">\n\t\t\t\t\t<div class=\"elementor-column elementor-col-100 elementor-top-column elementor-element elementor-element-ddea505\" data-id=\"ddea505\" data-element_type=\"column\" data-e-type=\"column\">\n\t\t\t<div class=\"elementor-widget-wrap elementor-element-populated\">\n\t\t\t\t\t\t<div class=\"elementor-element elementor-element-33b0f21b elementor-widget elementor-widget-smartmag-heading\" data-id=\"33b0f21b\" data-element_type=\"widget\" data-e-type=\"widget\" data-widget_type=\"smartmag-heading.default\">\n\t\t\t\t<div class=\"elementor-widget-container\">\n\t\t\t\t\t\t\t\t\t\t\n\t\t\t\t\t\t\t\n\t\t\t\t<div class=\"block-head block-head-ac block-head-e block-head-e1 is-left\">\n\n\t\t\t\t\t<h2 class=\"heading\">Beliebte Artikel<\/h2>\t\t\t\t\t\n\t\t\t\t\t\t\t\t\t<\/div>\n\t\t\t\t\n\t\t\t\n\t\t\t\t\t\t<\/div>\n\t\t\t\t<\/div>\n\t\t\t\t<section class=\"has-el-gap el-gap-default elementor-section elementor-inner-section elementor-element elementor-element-1cb320b2 elementor-section-boxed elementor-section-height-default elementor-section-height-default\" data-id=\"1cb320b2\" data-element_type=\"section\" data-e-type=\"section\">\n\t\t\t\t\t\t<div class=\"elementor-container elementor-column-gap-no\">\n\t\t\t\t\t<div class=\"elementor-column elementor-col-66 elementor-inner-column elementor-element elementor-element-6fcac706\" data-id=\"6fcac706\" data-element_type=\"column\" data-e-type=\"column\">\n\t\t\t<div class=\"elementor-widget-wrap elementor-element-populated\">\n\t\t\t\t\t\t<div class=\"elementor-element elementor-element-7eee00d3 elementor-widget elementor-widget-smartmag-grid\" data-id=\"7eee00d3\" data-element_type=\"widget\" data-e-type=\"widget\" data-widget_type=\"smartmag-grid.default\">\n\t\t\t\t<div class=\"elementor-widget-container\">\n\t\t\t\t\t\t\t<section class=\"block-wrap block-grid block-sc mb-none\" data-id=\"1\">\n\n\t\t\t\t\n\t\t\t<div class=\"block-content\">\n\t\t\t\t\t\n\t<div class=\"loop loop-grid loop-grid-stylish grid grid-1 md:grid-1 xs:grid-1\">\n\n\t\t\t\t\t\n<article class=\"l-post grid-post grid-stylish-post l-post-center\">\n\n\t\n\t\t\t<div class=\"media\">\n\n\t\t\n\t\t\t<a href=\"https:\/\/www.sonnenklar.tv\/blog\/insides\/sonnenklar-tv-jubilaeum-bildergalerie\/\" class=\"image-link media-ratio ar-bunyad-grid\" title=\"Bildergalerie zum sonnenklar.TV-Jubil\u00e4um: 25 Jahre viel.mehr.urlaub in Bildern\"><img fetchpriority=\"high\" decoding=\"async\" width=\"1235\" height=\"697\" src=\"https:\/\/www.sonnenklar.tv\/blog\/wp-content\/uploads\/2026\/02\/jubilaeumsspecial-25-jahre-header-blog-1160x495.jpg\" class=\"attachment-large size-large wp-post-image\" alt=\"sonnenklar.tv 25. Geburtstag Header Grafik\" sizes=\"(max-width: 1235px) 100vw, 1235px\" title=\"Bildergalerie zum sonnenklar.TV-Jubil\u00e4um: 25 Jahre viel.mehr.urlaub in Bildern\" \/><\/a>\t\t\t\n\t\t\t\n\t\t\t\n\t\t\t\n\t\t\n\t\t<\/div>\n\t\n\n\t\n\t\t<div class=\"content\">\n\n\t\t\t<div class=\"post-meta post-meta-a has-below\"><h2 class=\"is-title post-title\"><a href=\"https:\/\/www.sonnenklar.tv\/blog\/insides\/sonnenklar-tv-jubilaeum-bildergalerie\/\">Bildergalerie zum sonnenklar.TV-Jubil\u00e4um: 25 Jahre viel.mehr.urlaub in Bildern<\/a><\/h2><div class=\"post-meta-items meta-below\"><span class=\"meta-item post-author\"><a href=\"https:\/\/www.sonnenklar.tv\/blog\/author\/ulrike-spiewak\/\" title=\"Beitr\u00e4ge von Ulrike Spiewak\" rel=\"author\">Ulrike Spiewak<\/a><\/span><span class=\"meta-item date-modified\"><span class=\"date-link\"><span class=\"updated-on\">Aktualisiert:<\/span><time class=\"post-date\" datetime=\"2026-02-16T10:40:56+01:00\">16. Februar 2026<\/time><\/span><\/span><\/div><\/div>\t\t\t\n\t\t\t\n\t\t\t\n\t\t<\/div>\n\n\t\n<\/article>\t\t\n\t<\/div>\n\n\t\t\n\t\t\t<\/div>\n\n\t\t<\/section>\n\t\t\t\t\t\t<\/div>\n\t\t\t\t<\/div>\n\t\t\t\t\t<\/div>\n\t\t<\/div>\n\t\t\t\t<div class=\"elementor-column elementor-col-33 elementor-inner-column elementor-element elementor-element-f925333\" data-id=\"f925333\" data-element_type=\"column\" data-e-type=\"column\">\n\t\t\t<div class=\"elementor-widget-wrap elementor-element-populated\">\n\t\t\t\t\t\t<div class=\"elementor-element elementor-element-6c226cc9 elementor-widget elementor-widget-smartmag-postslist\" data-id=\"6c226cc9\" data-element_type=\"widget\" data-e-type=\"widget\" data-widget_type=\"smartmag-postslist.default\">\n\t\t\t\t<div class=\"elementor-widget-container\">\n\t\t\t\t\t\t\t<section class=\"block-wrap block-posts-list block-sc mb-none\" data-id=\"2\">\n\n\t\t\t\t\n\t\t\t<div class=\"block-content\">\n\t\t\t\t\t\n\t<div class=\"loop loop-list loop-sep loop-list-sep grid grid-1 md:grid-1 sm:grid-1\">\n\n\t\t\t\t\n\t\t\t\n<article class=\"l-post list-post list-post-on-sm m-pos-right\">\n\n\t\n\t\t\t<div class=\"media\">\n\n\t\t\n\t\t\t<a href=\"https:\/\/www.sonnenklar.tv\/blog\/reisetipps\/kirschbluete-europa-reiseziele\/\" class=\"image-link media-ratio ratio-1-1\" title=\"Top 9 Reiseziele zur Kirschbl\u00fcte in Europa\"><img decoding=\"async\" width=\"265\" height=\"265\" src=\"https:\/\/www.sonnenklar.tv\/blog\/wp-content\/uploads\/2025\/03\/GettyImages-929633360-Kirschbluete-800x414.jpg\" class=\"attachment-medium size-medium wp-post-image\" alt=\"Kirschblute in Ortenau, Baden-W\u00fcrttemberg\" sizes=\"(max-width: 265px) 100vw, 265px\" title=\"Top 9 Reiseziele zur Kirschbl\u00fcte in Europa\" srcset=\"https:\/\/www.sonnenklar.tv\/blog\/wp-content\/uploads\/2025\/03\/GettyImages-929633360-Kirschbluete-800x414.jpg 800w, https:\/\/www.sonnenklar.tv\/blog\/wp-content\/uploads\/2025\/03\/GettyImages-929633360-Kirschbluete-450x233.jpg 450w, https:\/\/www.sonnenklar.tv\/blog\/wp-content\/uploads\/2025\/03\/GettyImages-929633360-Kirschbluete-768x397.jpg 768w, https:\/\/www.sonnenklar.tv\/blog\/wp-content\/uploads\/2025\/03\/GettyImages-929633360-Kirschbluete-560x290.jpg 560w, https:\/\/www.sonnenklar.tv\/blog\/wp-content\/uploads\/2025\/03\/GettyImages-929633360-Kirschbluete.jpg 880w\" \/><\/a>\t\t\t\n\t\t\t\n\t\t\t\n\t\t\t\n\t\t\n\t\t<\/div>\n\t\n\n\t\n\t\t<div class=\"content\">\n\n\t\t\t<div class=\"post-meta post-meta-a\"><h2 class=\"is-title post-title limit-lines l-lines-3\"><a href=\"https:\/\/www.sonnenklar.tv\/blog\/reisetipps\/kirschbluete-europa-reiseziele\/\">Top 9 Reiseziele zur Kirschbl\u00fcte in Europa<\/a><\/h2><\/div>\t\t\t\n\t\t\t\n\t\t\t\n\t\t<\/div>\n\n\t\n<\/article>\n\t\t\t\t\n\t\t\t\n<article class=\"l-post list-post list-post-on-sm m-pos-right\">\n\n\t\n\t\t\t<div class=\"media\">\n\n\t\t\n\t\t\t<a href=\"https:\/\/www.sonnenklar.tv\/blog\/reisearten\/familieurlaub\/camping-mit-kindern\/\" class=\"image-link media-ratio ratio-1-1\" title=\"Camping mit Kindern: Tipps f\u00fcr gl\u00fcckliche Kids und entspannte Eltern\"><img decoding=\"async\" width=\"265\" height=\"265\" src=\"https:\/\/www.sonnenklar.tv\/blog\/wp-content\/uploads\/2026\/04\/camping-familie-800x533.jpg\" class=\"attachment-medium size-medium wp-post-image\" alt=\"Familie mit zwei Kindern vor Campingbus\" sizes=\"(max-width: 265px) 100vw, 265px\" title=\"Camping mit Kindern: Tipps f\u00fcr gl\u00fcckliche Kids und entspannte Eltern\" srcset=\"https:\/\/www.sonnenklar.tv\/blog\/wp-content\/uploads\/2026\/04\/camping-familie-800x533.jpg 800w, https:\/\/www.sonnenklar.tv\/blog\/wp-content\/uploads\/2026\/04\/camping-familie-1160x773.jpg 1160w, https:\/\/www.sonnenklar.tv\/blog\/wp-content\/uploads\/2026\/04\/camping-familie-450x300.jpg 450w, https:\/\/www.sonnenklar.tv\/blog\/wp-content\/uploads\/2026\/04\/camping-familie-768x512.jpg 768w, https:\/\/www.sonnenklar.tv\/blog\/wp-content\/uploads\/2026\/04\/camping-familie.jpg 1200w\" \/><\/a>\t\t\t\n\t\t\t\n\t\t\t\n\t\t\t\n\t\t\n\t\t<\/div>\n\t\n\n\t\n\t\t<div class=\"content\">\n\n\t\t\t<div class=\"post-meta post-meta-a\"><h2 class=\"is-title post-title limit-lines l-lines-3\"><a href=\"https:\/\/www.sonnenklar.tv\/blog\/reisearten\/familieurlaub\/camping-mit-kindern\/\">Camping mit Kindern: Tipps f\u00fcr gl\u00fcckliche Kids und entspannte Eltern<\/a><\/h2><\/div>\t\t\t\n\t\t\t\n\t\t\t\n\t\t<\/div>\n\n\t\n<\/article>\n\t\t\t\t\n\t\t\t\n<article class=\"l-post list-post list-post-on-sm m-pos-right\">\n\n\t\n\t\t\t<div class=\"media\">\n\n\t\t\n\t\t\t<a href=\"https:\/\/www.sonnenklar.tv\/blog\/urlaubslaender\/griechenland\/griechische-inseln\/\" class=\"image-link media-ratio ratio-1-1\" title=\"Die 9 sch\u00f6nsten griechischen Inseln: Welche ist die richtige f\u00fcr mich?\"><img loading=\"lazy\" decoding=\"async\" width=\"265\" height=\"265\" src=\"https:\/\/www.sonnenklar.tv\/blog\/wp-content\/uploads\/2017\/06\/kos-stadt-hafen-griechische-inseln-800x455.jpg\" class=\"attachment-medium size-medium wp-post-image\" alt=\"Hafen von Kos-Stadt auf der griechischen Insel Kos\" sizes=\"(max-width: 265px) 100vw, 265px\" title=\"Die 9 sch\u00f6nsten griechischen Inseln: Welche ist die richtige f\u00fcr mich?\" srcset=\"https:\/\/www.sonnenklar.tv\/blog\/wp-content\/uploads\/2017\/06\/kos-stadt-hafen-griechische-inseln-800x455.jpg 800w, https:\/\/www.sonnenklar.tv\/blog\/wp-content\/uploads\/2017\/06\/kos-stadt-hafen-griechische-inseln-450x256.jpg 450w, https:\/\/www.sonnenklar.tv\/blog\/wp-content\/uploads\/2017\/06\/kos-stadt-hafen-griechische-inseln-768x436.jpg 768w, https:\/\/www.sonnenklar.tv\/blog\/wp-content\/uploads\/2017\/06\/kos-stadt-hafen-griechische-inseln.jpg 880w\" \/><\/a>\t\t\t\n\t\t\t\n\t\t\t\n\t\t\t\n\t\t\n\t\t<\/div>\n\t\n\n\t\n\t\t<div class=\"content\">\n\n\t\t\t<div class=\"post-meta post-meta-a\"><h2 class=\"is-title post-title limit-lines l-lines-3\"><a href=\"https:\/\/www.sonnenklar.tv\/blog\/urlaubslaender\/griechenland\/griechische-inseln\/\">Die 9 sch\u00f6nsten griechischen Inseln: Welche ist die richtige f\u00fcr mich?<\/a><\/h2><\/div>\t\t\t\n\t\t\t\n\t\t\t\n\t\t<\/div>\n\n\t\n<\/article>\n\t\t\t\t\n\t\t\t\n<article class=\"l-post list-post list-post-on-sm m-pos-right\">\n\n\t\n\t\t\t<div class=\"media\">\n\n\t\t\n\t\t\t<a href=\"https:\/\/www.sonnenklar.tv\/blog\/urlaubslaender\/italien\/italien-schoene-orte-am-meer\/\" class=\"image-link media-ratio ratio-1-1\" title=\"Italien: 9 sch\u00f6ne Orte am Meer f\u00fcr maritimes Urlaubsgl\u00fcck\"><img loading=\"lazy\" decoding=\"async\" width=\"265\" height=\"265\" src=\"https:\/\/www.sonnenklar.tv\/blog\/wp-content\/uploads\/2023\/04\/GettyImages-486662788-Amalfi-Coast-800x409.jpg\" class=\"attachment-medium size-medium wp-post-image\" alt=\"Amalfik\u00fcste am Golf von Salerno in Italien\" sizes=\"(max-width: 265px) 100vw, 265px\" title=\"Italien: 9 sch\u00f6ne Orte am Meer f\u00fcr maritimes Urlaubsgl\u00fcck\" srcset=\"https:\/\/www.sonnenklar.tv\/blog\/wp-content\/uploads\/2023\/04\/GettyImages-486662788-Amalfi-Coast-800x409.jpg 800w, https:\/\/www.sonnenklar.tv\/blog\/wp-content\/uploads\/2023\/04\/GettyImages-486662788-Amalfi-Coast-450x230.jpg 450w, https:\/\/www.sonnenklar.tv\/blog\/wp-content\/uploads\/2023\/04\/GettyImages-486662788-Amalfi-Coast-768x393.jpg 768w, https:\/\/www.sonnenklar.tv\/blog\/wp-content\/uploads\/2023\/04\/GettyImages-486662788-Amalfi-Coast.jpg 880w\" \/><\/a>\t\t\t\n\t\t\t\n\t\t\t\n\t\t\t\n\t\t\n\t\t<\/div>\n\t\n\n\t\n\t\t<div class=\"content\">\n\n\t\t\t<div class=\"post-meta post-meta-a\"><h2 class=\"is-title post-title limit-lines l-lines-3\"><a href=\"https:\/\/www.sonnenklar.tv\/blog\/urlaubslaender\/italien\/italien-schoene-orte-am-meer\/\">Italien: 9 sch\u00f6ne Orte am Meer f\u00fcr maritimes Urlaubsgl\u00fcck<\/a><\/h2><\/div>\t\t\t\n\t\t\t\n\t\t\t\n\t\t<\/div>\n\n\t\n<\/article>\n\t\t\n\t<\/div>\n\n\t\t\t\t\t<\/div>\n\n\t\t<\/section>\n\t\t\t\t\t\t<\/div>\n\t\t\t\t<\/div>\n\t\t\t\t\t<\/div>\n\t\t<\/div>\n\t\t\t\t\t<\/div>\n\t\t<\/section>\n\t\t\t\t\t<\/div>\n\t\t<\/div>\n\t\t\t\t\t<\/div>\n\t\t<\/section>\n\t\t\t\t<section class=\"has-el-gap el-gap-default elementor-section elementor-top-section elementor-element elementor-element-78e8efa elementor-section-boxed elementor-section-height-default elementor-section-height-default\" data-id=\"78e8efa\" data-element_type=\"section\" data-e-type=\"section\">\n\t\t\t\t\t\t<div class=\"elementor-container elementor-column-gap-no\">\n\t\t\t\t\t<div class=\"elementor-column elementor-col-100 elementor-top-column elementor-element elementor-element-7794145\" data-id=\"7794145\" data-element_type=\"column\" data-e-type=\"column\">\n\t\t\t<div class=\"elementor-widget-wrap elementor-element-populated\">\n\t\t\t\t\t\t<div class=\"elementor-element elementor-element-ab35bdb elementor-widget elementor-widget-spacer\" data-id=\"ab35bdb\" data-element_type=\"widget\" data-e-type=\"widget\" data-widget_type=\"spacer.default\">\n\t\t\t\t\t\t\t<div class=\"elementor-spacer\">\n\t\t\t<div class=\"elementor-spacer-inner\"><\/div>\n\t\t<\/div>\n\t\t\t\t\t\t<\/div>\n\t\t\t\t\t<\/div>\n\t\t<\/div>\n\t\t\t\t\t<\/div>\n\t\t<\/section>\n\t\t\t\t<section class=\"has-el-gap el-gap-default elementor-section elementor-top-section elementor-element elementor-element-766d904c elementor-section-boxed elementor-section-height-default elementor-section-height-default\" data-id=\"766d904c\" data-element_type=\"section\" data-e-type=\"section\">\n\t\t\t\t\t\t<div class=\"elementor-container elementor-column-gap-no\">\n\t\t\t\t\t<div class=\"elementor-column elementor-col-100 elementor-top-column elementor-element elementor-element-faa15b5\" data-id=\"faa15b5\" data-element_type=\"column\" data-e-type=\"column\">\n\t\t\t<div class=\"elementor-widget-wrap elementor-element-populated\">\n\t\t\t\t\t\t<div class=\"elementor-element elementor-element-15da3059 elementor-widget elementor-widget-smartmag-grid\" data-id=\"15da3059\" data-element_type=\"widget\" data-e-type=\"widget\" data-widget_type=\"smartmag-grid.default\">\n\t\t\t\t<div class=\"elementor-widget-container\">\n\t\t\t\t\t\t\t<section class=\"block-wrap block-grid block-sc cols-gap-sm mb-none\" data-id=\"3\">\n\n\t\t\t\t\t\t\t\t\n\t\t\t\t\t\t\t\n\t\t\t\t<div class=\"block-head block-head-ac block-head-e block-head-e1 is-left\">\n\n\t\t\t\t\t<h2 class=\"heading\">Aktuelle Artikel<\/h2>\t\t\t\t\t\n\t\t\t\t\t\t\t\t\t<\/div>\n\t\t\t\t\n\t\t\t\n\t\t\t\n\t\t\t<div class=\"block-content\">\n\t\t\t\t\t\n\t<div class=\"loop loop-grid loop-grid-stylish grid grid-3 md:grid-2 xs:grid-1\">\n\n\t\t\t\t\t\n<article class=\"l-post grid-post grid-stylish-post\">\n\n\t\n\t\t\t<div class=\"media\">\n\n\t\t\n\t\t\t<a href=\"https:\/\/www.sonnenklar.tv\/blog\/reiseberichte\/neapel-in-3-tagen-meine-5-tipps\/\" class=\"image-link media-ratio ar-bunyad-grid\" title=\"Neapel in 3 Tagen: meine 5 Tipps f\u00fcr ein unvergessliches Wochenende\"><img loading=\"lazy\" decoding=\"async\" width=\"383\" height=\"216\" src=\"https:\/\/www.sonnenklar.tv\/blog\/wp-content\/uploads\/2026\/04\/neapel-skyline-versuv-450x300.jpg\" class=\"attachment-bunyad-medium size-bunyad-medium wp-post-image\" alt=\"Blick auf Neapel und den Vesuv\" sizes=\"(max-width: 383px) 100vw, 383px\" title=\"Neapel in 3 Tagen: meine 5 Tipps f\u00fcr ein unvergessliches Wochenende\" srcset=\"https:\/\/www.sonnenklar.tv\/blog\/wp-content\/uploads\/2026\/04\/neapel-skyline-versuv-450x300.jpg 450w, https:\/\/www.sonnenklar.tv\/blog\/wp-content\/uploads\/2026\/04\/neapel-skyline-versuv-800x533.jpg 800w, https:\/\/www.sonnenklar.tv\/blog\/wp-content\/uploads\/2026\/04\/neapel-skyline-versuv-1160x773.jpg 1160w, https:\/\/www.sonnenklar.tv\/blog\/wp-content\/uploads\/2026\/04\/neapel-skyline-versuv-768x512.jpg 768w, https:\/\/www.sonnenklar.tv\/blog\/wp-content\/uploads\/2026\/04\/neapel-skyline-versuv.jpg 1200w\" \/><\/a>\t\t\t\n\t\t\t\n\t\t\t\n\t\t\t\n\t\t\n\t\t<\/div>\n\t\n\n\t\n\t\t<div class=\"content\">\n\n\t\t\t<div class=\"post-meta post-meta-a has-below\"><h3 class=\"is-title post-title limit-lines l-lines-2\"><a href=\"https:\/\/www.sonnenklar.tv\/blog\/reiseberichte\/neapel-in-3-tagen-meine-5-tipps\/\">Neapel in 3 Tagen: meine 5 Tipps f\u00fcr ein unvergessliches Wochenende<\/a><\/h3><div class=\"post-meta-items meta-below\"><span class=\"meta-item post-author\"><a href=\"https:\/\/www.sonnenklar.tv\/blog\/author\/sonnenklar-team\/\" title=\"Beitr\u00e4ge von sonnenklar.TV Team\" rel=\"author\">sonnenklar.TV Team<\/a><\/span><span class=\"meta-item date\"><span class=\"date-link\"><time class=\"post-date\" datetime=\"2026-04-28T17:35:21+02:00\">28. April 2026<\/time><\/span><\/span><\/div><\/div>\t\t\t\n\t\t\t\n\t\t\t\n\t\t<\/div>\n\n\t\n<\/article>\t\t\t\t\t\n<article class=\"l-post grid-post grid-stylish-post\">\n\n\t\n\t\t\t<div class=\"media\">\n\n\t\t\n\t\t\t<a href=\"https:\/\/www.sonnenklar.tv\/blog\/reisetipps\/sehenswuerdigkeiten\/budapest-sehenswuerdigkeiten\/\" class=\"image-link media-ratio ar-bunyad-grid\" title=\"Top 10 Budapest Sehensw\u00fcrdigkeiten \u2013 Auf Entdeckungstour durch die Donau-Metropole\"><img loading=\"lazy\" decoding=\"async\" width=\"383\" height=\"216\" src=\"https:\/\/www.sonnenklar.tv\/blog\/wp-content\/uploads\/2026\/04\/budapest-stadtblick-450x300.jpg\" class=\"attachment-bunyad-medium size-bunyad-medium wp-post-image\" alt=\"Budapest Stadtblick auf Donau und Parlamentsgeb\u00e4ude im Sonnenschein\" sizes=\"(max-width: 383px) 100vw, 383px\" title=\"Top 10 Budapest Sehensw\u00fcrdigkeiten \u2013 Auf Entdeckungstour durch die Donau-Metropole\" srcset=\"https:\/\/www.sonnenklar.tv\/blog\/wp-content\/uploads\/2026\/04\/budapest-stadtblick-450x300.jpg 450w, https:\/\/www.sonnenklar.tv\/blog\/wp-content\/uploads\/2026\/04\/budapest-stadtblick-800x533.jpg 800w, https:\/\/www.sonnenklar.tv\/blog\/wp-content\/uploads\/2026\/04\/budapest-stadtblick-1160x773.jpg 1160w, https:\/\/www.sonnenklar.tv\/blog\/wp-content\/uploads\/2026\/04\/budapest-stadtblick-768x512.jpg 768w, https:\/\/www.sonnenklar.tv\/blog\/wp-content\/uploads\/2026\/04\/budapest-stadtblick.jpg 1200w\" \/><\/a>\t\t\t\n\t\t\t\n\t\t\t\n\t\t\t\n\t\t\n\t\t<\/div>\n\t\n\n\t\n\t\t<div class=\"content\">\n\n\t\t\t<div class=\"post-meta post-meta-a has-below\"><h3 class=\"is-title post-title limit-lines l-lines-2\"><a href=\"https:\/\/www.sonnenklar.tv\/blog\/reisetipps\/sehenswuerdigkeiten\/budapest-sehenswuerdigkeiten\/\">Top 10 Budapest Sehensw\u00fcrdigkeiten \u2013 Auf Entdeckungstour durch die Donau-Metropole<\/a><\/h3><div class=\"post-meta-items meta-below\"><span class=\"meta-item post-author\"><a href=\"https:\/\/www.sonnenklar.tv\/blog\/author\/steffen-wulf\/\" title=\"Beitr\u00e4ge von Steffen Wulf\" rel=\"author\">Steffen Wulf<\/a><\/span><span class=\"meta-item date\"><span class=\"date-link\"><time class=\"post-date\" datetime=\"2026-04-23T10:47:15+02:00\">23. April 2026<\/time><\/span><\/span><\/div><\/div>\t\t\t\n\t\t\t\n\t\t\t\n\t\t<\/div>\n\n\t\n<\/article>\t\t\t\t\t\n<article class=\"l-post grid-post grid-stylish-post\">\n\n\t\n\t\t\t<div class=\"media\">\n\n\t\t\n\t\t\t<a href=\"https:\/\/www.sonnenklar.tv\/blog\/reisetipps\/top-4-urlaubsregionen-fuer-totale-sonnenfinsternis-2026\/\" class=\"image-link media-ratio ar-bunyad-grid\" title=\"Top 4 Urlaubsregionen f\u00fcr eine perfekte totale Sonnenfinsternis 2026\"><img loading=\"lazy\" decoding=\"async\" width=\"383\" height=\"216\" src=\"https:\/\/www.sonnenklar.tv\/blog\/wp-content\/uploads\/2026\/04\/sonnenfinsternis-450x300.jpg\" class=\"attachment-bunyad-medium size-bunyad-medium wp-post-image\" alt=\"Aufnahme der Sonnenfinsternis 2017 in den USA\" sizes=\"(max-width: 383px) 100vw, 383px\" title=\"Top 4 Urlaubsregionen f\u00fcr eine perfekte totale Sonnenfinsternis 2026\" srcset=\"https:\/\/www.sonnenklar.tv\/blog\/wp-content\/uploads\/2026\/04\/sonnenfinsternis-450x300.jpg 450w, https:\/\/www.sonnenklar.tv\/blog\/wp-content\/uploads\/2026\/04\/sonnenfinsternis-800x533.jpg 800w, https:\/\/www.sonnenklar.tv\/blog\/wp-content\/uploads\/2026\/04\/sonnenfinsternis-1160x773.jpg 1160w, https:\/\/www.sonnenklar.tv\/blog\/wp-content\/uploads\/2026\/04\/sonnenfinsternis-768x512.jpg 768w, https:\/\/www.sonnenklar.tv\/blog\/wp-content\/uploads\/2026\/04\/sonnenfinsternis.jpg 1200w\" \/><\/a>\t\t\t\n\t\t\t\n\t\t\t\n\t\t\t\n\t\t\n\t\t<\/div>\n\t\n\n\t\n\t\t<div class=\"content\">\n\n\t\t\t<div class=\"post-meta post-meta-a has-below\"><h3 class=\"is-title post-title limit-lines l-lines-2\"><a href=\"https:\/\/www.sonnenklar.tv\/blog\/reisetipps\/top-4-urlaubsregionen-fuer-totale-sonnenfinsternis-2026\/\">Top 4 Urlaubsregionen f\u00fcr eine perfekte totale Sonnenfinsternis 2026<\/a><\/h3><div class=\"post-meta-items meta-below\"><span class=\"meta-item post-author\"><a href=\"https:\/\/www.sonnenklar.tv\/blog\/author\/martin-adam\/\" title=\"Beitr\u00e4ge von Martin Adam\" rel=\"author\">Martin Adam<\/a><\/span><span class=\"meta-item date\"><span class=\"date-link\"><time class=\"post-date\" datetime=\"2026-04-15T16:59:51+02:00\">15. April 2026<\/time><\/span><\/span><\/div><\/div>\t\t\t\n\t\t\t\n\t\t\t\n\t\t<\/div>\n\n\t\n<\/article>\t\t\t\t\t\n<article class=\"l-post grid-post grid-stylish-post\">\n\n\t\n\t\t\t<div class=\"media\">\n\n\t\t\n\t\t\t<a href=\"https:\/\/www.sonnenklar.tv\/blog\/reisetipps\/straende\/schoenste-straende-sylt\/\" class=\"image-link media-ratio ar-bunyad-grid\" title=\"Sch\u00f6nste Str\u00e4nde auf Sylt: Unsere Empfehlungen zum Baden, Entspannen und Aktivurlaub\"><img loading=\"lazy\" decoding=\"async\" width=\"383\" height=\"216\" src=\"https:\/\/www.sonnenklar.tv\/blog\/wp-content\/uploads\/2026\/04\/strand-sylt-strandkoerbe-450x300.jpg\" class=\"attachment-bunyad-medium size-bunyad-medium wp-post-image\" alt=\"Strand auf Sylt mit Strandk\u00f6rben\" sizes=\"(max-width: 383px) 100vw, 383px\" title=\"Sch\u00f6nste Str\u00e4nde auf Sylt: Unsere Empfehlungen zum Baden, Entspannen und Aktivurlaub\" srcset=\"https:\/\/www.sonnenklar.tv\/blog\/wp-content\/uploads\/2026\/04\/strand-sylt-strandkoerbe-450x300.jpg 450w, https:\/\/www.sonnenklar.tv\/blog\/wp-content\/uploads\/2026\/04\/strand-sylt-strandkoerbe-800x533.jpg 800w, https:\/\/www.sonnenklar.tv\/blog\/wp-content\/uploads\/2026\/04\/strand-sylt-strandkoerbe-1160x773.jpg 1160w, https:\/\/www.sonnenklar.tv\/blog\/wp-content\/uploads\/2026\/04\/strand-sylt-strandkoerbe-768x512.jpg 768w, https:\/\/www.sonnenklar.tv\/blog\/wp-content\/uploads\/2026\/04\/strand-sylt-strandkoerbe.jpg 1200w\" \/><\/a>\t\t\t\n\t\t\t\n\t\t\t\n\t\t\t\n\t\t\n\t\t<\/div>\n\t\n\n\t\n\t\t<div class=\"content\">\n\n\t\t\t<div class=\"post-meta post-meta-a has-below\"><h3 class=\"is-title post-title limit-lines l-lines-2\"><a href=\"https:\/\/www.sonnenklar.tv\/blog\/reisetipps\/straende\/schoenste-straende-sylt\/\">Sch\u00f6nste Str\u00e4nde auf Sylt: Unsere Empfehlungen zum Baden, Entspannen und Aktivurlaub<\/a><\/h3><div class=\"post-meta-items meta-below\"><span class=\"meta-item post-author\"><a href=\"https:\/\/www.sonnenklar.tv\/blog\/author\/sonnenklar-team\/\" title=\"Beitr\u00e4ge von sonnenklar.TV Team\" rel=\"author\">sonnenklar.TV Team<\/a><\/span><span class=\"meta-item date\"><span class=\"date-link\"><time class=\"post-date\" datetime=\"2026-04-09T12:54:34+02:00\">9. April 2026<\/time><\/span><\/span><\/div><\/div>\t\t\t\n\t\t\t\n\t\t\t\n\t\t<\/div>\n\n\t\n<\/article>\t\t\t\t\t\n<article class=\"l-post grid-post grid-stylish-post\">\n\n\t\n\t\t\t<div class=\"media\">\n\n\t\t\n\t\t\t<a href=\"https:\/\/www.sonnenklar.tv\/blog\/insides\/sonnenklar-tv-events\/fly-and-help-fruehlingsshow-2026-rueckblick\/\" class=\"image-link media-ratio ar-bunyad-grid\" title=\"So war die Fly &amp; Help Fr\u00fchlingsshow am 27. M\u00e4rz 2026\"><img loading=\"lazy\" decoding=\"async\" width=\"383\" height=\"216\" src=\"https:\/\/www.sonnenklar.tv\/blog\/wp-content\/uploads\/2026\/04\/fly-and-help-show-2026-kochen-450x300.jpg\" class=\"attachment-bunyad-medium size-bunyad-medium wp-post-image\" alt=\"Kochen im sonnenklar.TV-Studio bei der Fly and Help Show 2026\" sizes=\"(max-width: 383px) 100vw, 383px\" title=\"So war die Fly &amp; Help Fr\u00fchlingsshow am 27. M\u00e4rz 2026\" srcset=\"https:\/\/www.sonnenklar.tv\/blog\/wp-content\/uploads\/2026\/04\/fly-and-help-show-2026-kochen-450x300.jpg 450w, https:\/\/www.sonnenklar.tv\/blog\/wp-content\/uploads\/2026\/04\/fly-and-help-show-2026-kochen-800x533.jpg 800w, https:\/\/www.sonnenklar.tv\/blog\/wp-content\/uploads\/2026\/04\/fly-and-help-show-2026-kochen-1160x773.jpg 1160w, https:\/\/www.sonnenklar.tv\/blog\/wp-content\/uploads\/2026\/04\/fly-and-help-show-2026-kochen-768x512.jpg 768w, https:\/\/www.sonnenklar.tv\/blog\/wp-content\/uploads\/2026\/04\/fly-and-help-show-2026-kochen.jpg 1200w\" \/><\/a>\t\t\t\n\t\t\t\n\t\t\t\n\t\t\t\n\t\t\n\t\t<\/div>\n\t\n\n\t\n\t\t<div class=\"content\">\n\n\t\t\t<div class=\"post-meta post-meta-a has-below\"><h3 class=\"is-title post-title limit-lines l-lines-2\"><a href=\"https:\/\/www.sonnenklar.tv\/blog\/insides\/sonnenklar-tv-events\/fly-and-help-fruehlingsshow-2026-rueckblick\/\">So war die Fly &amp; Help Fr\u00fchlingsshow am 27. M\u00e4rz 2026<\/a><\/h3><div class=\"post-meta-items meta-below\"><span class=\"meta-item post-author\"><a href=\"https:\/\/www.sonnenklar.tv\/blog\/author\/martin-adam\/\" title=\"Beitr\u00e4ge von Martin Adam\" rel=\"author\">Martin Adam<\/a><\/span><span class=\"meta-item date\"><span class=\"date-link\"><time class=\"post-date\" datetime=\"2026-04-07T13:30:13+02:00\">7. April 2026<\/time><\/span><\/span><\/div><\/div>\t\t\t\n\t\t\t\n\t\t\t\n\t\t<\/div>\n\n\t\n<\/article>\t\t\t\t\t\n<article class=\"l-post grid-post grid-stylish-post\">\n\n\t\n\t\t\t<div class=\"media\">\n\n\t\t\n\t\t\t<a href=\"https:\/\/www.sonnenklar.tv\/blog\/insides\/interviews\/chere-alice-zimmermann-interview-25-jahre-sonnenklar\/\" class=\"image-link media-ratio ar-bunyad-grid\" title=\"\u201eIch liebe es, Zuschauern die sch\u00f6nsten Zeiten des Jahres zu vers\u00fc\u00dfen\u201c &#8211; Cher\u00e9 Alice Zimmermann im Interview\"><img loading=\"lazy\" decoding=\"async\" width=\"383\" height=\"216\" src=\"https:\/\/www.sonnenklar.tv\/blog\/wp-content\/uploads\/2026\/03\/chere-alice-zimmermann-moderiert-450x294.jpg\" class=\"attachment-bunyad-medium size-bunyad-medium wp-post-image\" alt=\"Chere Alice Zimmermann von sonnenklar.TV moderite und gestikuliert\" sizes=\"(max-width: 383px) 100vw, 383px\" title=\"\u201eIch liebe es, Zuschauern die sch\u00f6nsten Zeiten des Jahres zu vers\u00fc\u00dfen\u201c &#8211; Cher\u00e9 Alice Zimmermann im Interview\" srcset=\"https:\/\/www.sonnenklar.tv\/blog\/wp-content\/uploads\/2026\/03\/chere-alice-zimmermann-moderiert-450x294.jpg 450w, https:\/\/www.sonnenklar.tv\/blog\/wp-content\/uploads\/2026\/03\/chere-alice-zimmermann-moderiert-800x522.jpg 800w, https:\/\/www.sonnenklar.tv\/blog\/wp-content\/uploads\/2026\/03\/chere-alice-zimmermann-moderiert-1160x757.jpg 1160w, https:\/\/www.sonnenklar.tv\/blog\/wp-content\/uploads\/2026\/03\/chere-alice-zimmermann-moderiert-768x501.jpg 768w, https:\/\/www.sonnenklar.tv\/blog\/wp-content\/uploads\/2026\/03\/chere-alice-zimmermann-moderiert.jpg 1200w\" \/><\/a>\t\t\t\n\t\t\t\n\t\t\t\n\t\t\t\n\t\t\n\t\t<\/div>\n\t\n\n\t\n\t\t<div class=\"content\">\n\n\t\t\t<div class=\"post-meta post-meta-a has-below\"><h3 class=\"is-title post-title limit-lines l-lines-2\"><a href=\"https:\/\/www.sonnenklar.tv\/blog\/insides\/interviews\/chere-alice-zimmermann-interview-25-jahre-sonnenklar\/\">\u201eIch liebe es, Zuschauern die sch\u00f6nsten Zeiten des Jahres zu vers\u00fc\u00dfen\u201c &#8211; Cher\u00e9 Alice Zimmermann im Interview<\/a><\/h3><div class=\"post-meta-items meta-below\"><span class=\"meta-item post-author\"><a href=\"https:\/\/www.sonnenklar.tv\/blog\/author\/steffen-wulf\/\" title=\"Beitr\u00e4ge von Steffen Wulf\" rel=\"author\">Steffen Wulf<\/a><\/span><span class=\"meta-item date\"><span class=\"date-link\"><time class=\"post-date\" datetime=\"2026-04-01T07:00:00+02:00\">1. April 2026<\/time><\/span><\/span><\/div><\/div>\t\t\t\n\t\t\t\n\t\t\t\n\t\t<\/div>\n\n\t\n<\/article>\t\t\n\t<\/div>\n\n\t\t\n\t\t\t<\/div>\n\n\t\t<\/section>\n\t\t\t\t\t\t<\/div>\n\t\t\t\t<\/div>\n\t\t\t\t\t<\/div>\n\t\t<\/div>\n\t\t\t\t\t<\/div>\n\t\t<\/section>\n\t\t\t\t<section class=\"has-el-gap el-gap-default elementor-section elementor-top-section elementor-element elementor-element-0880585 elementor-section-boxed elementor-section-height-default elementor-section-height-default\" data-id=\"0880585\" data-element_type=\"section\" data-e-type=\"section\">\n\t\t\t\t\t\t<div class=\"elementor-container elementor-column-gap-no\">\n\t\t\t\t\t<div class=\"elementor-column elementor-col-100 elementor-top-column elementor-element elementor-element-2c09d3b\" data-id=\"2c09d3b\" data-element_type=\"column\" data-e-type=\"column\">\n\t\t\t<div class=\"elementor-widget-wrap elementor-element-populated\">\n\t\t\t\t\t\t<div class=\"elementor-element elementor-element-64f024f elementor-widget-divider--view-line elementor-widget elementor-widget-divider\" data-id=\"64f024f\" data-element_type=\"widget\" data-e-type=\"widget\" data-widget_type=\"divider.default\">\n\t\t\t\t\t\t\t<div class=\"elementor-divider\">\n\t\t\t<span class=\"elementor-divider-separator\">\n\t\t\t\t\t\t<\/span>\n\t\t<\/div>\n\t\t\t\t\t\t<\/div>\n\t\t\t\t\t<\/div>\n\t\t<\/div>\n\t\t\t\t\t<\/div>\n\t\t<\/section>\n\t\t\t\t<section class=\"has-el-gap el-gap-default elementor-section elementor-top-section elementor-element elementor-element-95016d4 elementor-section-boxed elementor-section-height-default elementor-section-height-default\" data-id=\"95016d4\" data-element_type=\"section\" data-e-type=\"section\">\n\t\t\t\t\t\t<div class=\"elementor-container elementor-column-gap-no\">\n\t\t\t\t\t<div class=\"elementor-column elementor-col-50 elementor-top-column elementor-element elementor-element-58b24d0\" data-id=\"58b24d0\" data-element_type=\"column\" data-e-type=\"column\">\n\t\t\t<div class=\"elementor-widget-wrap elementor-element-populated\">\n\t\t\t\t\t\t<div class=\"elementor-element elementor-element-300c747 elementor-widget elementor-widget-smartmag-postssmall\" data-id=\"300c747\" data-element_type=\"widget\" data-e-type=\"widget\" data-widget_type=\"smartmag-postssmall.default\">\n\t\t\t\t<div class=\"elementor-widget-container\">\n\t\t\t\t\t\t\t<section class=\"block-wrap block-posts-small block-sc\" data-id=\"4\">\n\n\t\t\t\t\t\t\t\t\n\t\t\t\t\t\t\t\n\t\t\t\t<div class=\"block-head block-head-ac block-head-e block-head-e1 is-left\">\n\n\t\t\t\t\t<h2 class=\"heading\"><a href=\"https:\/\/www.sonnenklar.tv\/blog\/category\/ratgeber\/\">Ratgeber<\/a><\/h2>\t\t\t\t\t\n\t\t\t\t\t\t\t\t\t<\/div>\n\t\t\t\t\n\t\t\t\n\t\t\t\n\t\t\t<div class=\"block-content\">\n\t\t\t\t\n\t<div class=\"loop loop-small loop-small- loop-sep loop-small-sep grid grid-1 md:grid-1 sm:grid-1 xs:grid-1\">\n\n\t\t\t\t\t\n<article class=\"l-post small-post\">\n\n\t\n\t\n\n\t\n\t\t<div class=\"content\">\n\n\t\t\t<div class=\"post-meta post-meta-a post-meta-left\"><h3 class=\"is-title post-title\"><a href=\"https:\/\/www.sonnenklar.tv\/blog\/ratgeber\/guenstigste-reisezeit-ferienfreie-zeiten-2026-in-deutschland\/\">G\u00fcnstigste Reisezeit: Ferienfreie Zeiten 2026 in Deutschland<\/a><\/h3><\/div>\t\t\t\n\t\t\t\n\t\t\t\n\t\t<\/div>\n\n\t\n<\/article>\t\n\t\t\t\t\t\n<article class=\"l-post small-post\">\n\n\t\n\t\n\n\t\n\t\t<div class=\"content\">\n\n\t\t\t<div class=\"post-meta post-meta-a post-meta-left\"><h3 class=\"is-title post-title\"><a href=\"https:\/\/www.sonnenklar.tv\/blog\/ratgeber\/reiseversicherungen-experteninterview\/\">Welche Reiseversicherungen unverzichtbar sind: Interview mit Florian Kimmel (HanseMerkur)<\/a><\/h3><\/div>\t\t\t\n\t\t\t\n\t\t\t\n\t\t<\/div>\n\n\t\n<\/article>\t\n\t\t\t\t\t\n<article class=\"l-post small-post\">\n\n\t\n\t\n\n\t\n\t\t<div class=\"content\">\n\n\t\t\t<div class=\"post-meta post-meta-a post-meta-left\"><h3 class=\"is-title post-title\"><a href=\"https:\/\/www.sonnenklar.tv\/blog\/ratgeber\/bargeld-im-urlaub-tipps\/\">Cash gewinnt: Warum Bargeld im Urlaub unverzichtbar ist<\/a><\/h3><\/div>\t\t\t\n\t\t\t\n\t\t\t\n\t\t<\/div>\n\n\t\n<\/article>\t\n\t\t\t\t\t\n<article class=\"l-post small-post\">\n\n\t\n\t\n\n\t\n\t\t<div class=\"content\">\n\n\t\t\t<div class=\"post-meta post-meta-a post-meta-left\"><h3 class=\"is-title post-title\"><a href=\"https:\/\/www.sonnenklar.tv\/blog\/reisearten\/familieurlaub\/camping-mit-kindern\/\">Camping mit Kindern: Tipps f\u00fcr gl\u00fcckliche Kids und entspannte Eltern<\/a><\/h3><\/div>\t\t\t\n\t\t\t\n\t\t\t\n\t\t<\/div>\n\n\t\n<\/article>\t\n\t\t\t\t\t\n<article class=\"l-post small-post\">\n\n\t\n\t\n\n\t\n\t\t<div class=\"content\">\n\n\t\t\t<div class=\"post-meta post-meta-a post-meta-left\"><h3 class=\"is-title post-title\"><a href=\"https:\/\/www.sonnenklar.tv\/blog\/ratgeber\/brueckentage\/\">Br\u00fcckentage 2026 &#8211; So holt ihr das Maximum aus euren Urlaubstagen raus!<\/a><\/h3><\/div>\t\t\t\n\t\t\t\n\t\t\t\n\t\t<\/div>\n\n\t\n<\/article>\t\n\t\t\n\t<\/div>\n\n\t\t\t\t\t<\/div>\n\n\t\t<\/section>\n\t\t\t\t\t\t<\/div>\n\t\t\t\t<\/div>\n\t\t\t\t\t<\/div>\n\t\t<\/div>\n\t\t\t\t<div class=\"elementor-column elementor-col-50 elementor-top-column elementor-element elementor-element-a5af140\" data-id=\"a5af140\" data-element_type=\"column\" data-e-type=\"column\">\n\t\t\t<div class=\"elementor-widget-wrap elementor-element-populated\">\n\t\t\t\t\t\t<div class=\"elementor-element elementor-element-4d170ba elementor-widget elementor-widget-smartmag-postssmall\" data-id=\"4d170ba\" data-element_type=\"widget\" data-e-type=\"widget\" data-widget_type=\"smartmag-postssmall.default\">\n\t\t\t\t<div class=\"elementor-widget-container\">\n\t\t\t\t\t\t\t<section class=\"block-wrap block-posts-small block-sc\" data-id=\"5\">\n\n\t\t\t\t\t\t\t\t\n\t\t\t\t\t\t\t\n\t\t\t\t<div class=\"block-head block-head-ac block-head-e block-head-e1 is-left\">\n\n\t\t\t\t\t<h2 class=\"heading\"><a href=\"https:\/\/www.sonnenklar.tv\/blog\/category\/reisetipps\/\">Reisetipps<\/a><\/h2>\t\t\t\t\t\n\t\t\t\t\t\t\t\t\t<\/div>\n\t\t\t\t\n\t\t\t\n\t\t\t\n\t\t\t<div class=\"block-content\">\n\t\t\t\t\n\t<div class=\"loop loop-small loop-small- loop-sep loop-small-sep grid grid-1 md:grid-1 sm:grid-1 xs:grid-1\">\n\n\t\t\t\t\t\n<article class=\"l-post small-post\">\n\n\t\n\t\n\n\t\n\t\t<div class=\"content\">\n\n\t\t\t<div class=\"post-meta post-meta-a post-meta-left\"><h3 class=\"is-title post-title\"><a href=\"https:\/\/www.sonnenklar.tv\/blog\/reisetipps\/sehenswuerdigkeiten\/budapest-sehenswuerdigkeiten\/\">Top 10 Budapest Sehensw\u00fcrdigkeiten \u2013 Auf Entdeckungstour durch die Donau-Metropole<\/a><\/h3><\/div>\t\t\t\n\t\t\t\n\t\t\t\n\t\t<\/div>\n\n\t\n<\/article>\t\n\t\t\t\t\t\n<article class=\"l-post small-post\">\n\n\t\n\t\n\n\t\n\t\t<div class=\"content\">\n\n\t\t\t<div class=\"post-meta post-meta-a post-meta-left\"><h3 class=\"is-title post-title\"><a href=\"https:\/\/www.sonnenklar.tv\/blog\/reisetipps\/top-4-urlaubsregionen-fuer-totale-sonnenfinsternis-2026\/\">Top 4 Urlaubsregionen f\u00fcr eine perfekte totale Sonnenfinsternis 2026<\/a><\/h3><\/div>\t\t\t\n\t\t\t\n\t\t\t\n\t\t<\/div>\n\n\t\n<\/article>\t\n\t\t\t\t\t\n<article class=\"l-post small-post\">\n\n\t\n\t\n\n\t\n\t\t<div class=\"content\">\n\n\t\t\t<div class=\"post-meta post-meta-a post-meta-left\"><h3 class=\"is-title post-title\"><a href=\"https:\/\/www.sonnenklar.tv\/blog\/reisetipps\/straende\/schoenste-straende-sylt\/\">Sch\u00f6nste Str\u00e4nde auf Sylt: Unsere Empfehlungen zum Baden, Entspannen und Aktivurlaub<\/a><\/h3><\/div>\t\t\t\n\t\t\t\n\t\t\t\n\t\t<\/div>\n\n\t\n<\/article>\t\n\t\t\t\t\t\n<article class=\"l-post small-post\">\n\n\t\n\t\n\n\t\n\t\t<div class=\"content\">\n\n\t\t\t<div class=\"post-meta post-meta-a post-meta-left\"><h3 class=\"is-title post-title\"><a href=\"https:\/\/www.sonnenklar.tv\/blog\/reisetipps\/kirschbluete-in-japan\/\">Die Kirschbl\u00fcte in Japan \u2013 es lebe der Fr\u00fchling und Neubeginn!<\/a><\/h3><\/div>\t\t\t\n\t\t\t\n\t\t\t\n\t\t<\/div>\n\n\t\n<\/article>\t\n\t\t\t\t\t\n<article class=\"l-post small-post\">\n\n\t\n\t\n\n\t\n\t\t<div class=\"content\">\n\n\t\t\t<div class=\"post-meta post-meta-a post-meta-left\"><h3 class=\"is-title post-title\"><a href=\"https:\/\/www.sonnenklar.tv\/blog\/reisetipps\/sehenswuerdigkeiten\/bayreuth-sehenswuerdigkeiten\/\">9 Top Bayreuth Sehensw\u00fcrdigkeiten: Kunst, Kultur und Leichtigkeit einer fr\u00e4nkischen Stadt<\/a><\/h3><\/div>\t\t\t\n\t\t\t\n\t\t\t\n\t\t<\/div>\n\n\t\n<\/article>\t\n\t\t\n\t<\/div>\n\n\t\t\t\t\t<\/div>\n\n\t\t<\/section>\n\t\t\t\t\t\t<\/div>\n\t\t\t\t<\/div>\n\t\t\t\t\t<\/div>\n\t\t<\/div>\n\t\t\t\t\t<\/div>\n\t\t<\/section>\n\t\t\t\t<section class=\"has-el-gap el-gap-default elementor-section elementor-top-section elementor-element elementor-element-d3fb4ad elementor-section-boxed elementor-section-height-default elementor-section-height-default\" data-id=\"d3fb4ad\" data-element_type=\"section\" data-e-type=\"section\">\n\t\t\t\t\t\t<div class=\"elementor-container elementor-column-gap-no\">\n\t\t\t\t\t<div class=\"elementor-column elementor-col-100 elementor-top-column elementor-element elementor-element-6e69411\" data-id=\"6e69411\" data-element_type=\"column\" data-e-type=\"column\">\n\t\t\t<div class=\"elementor-widget-wrap elementor-element-populated\">\n\t\t\t\t\t\t<div class=\"elementor-element elementor-element-a99270a elementor-widget-divider--view-line elementor-widget elementor-widget-divider\" data-id=\"a99270a\" data-element_type=\"widget\" data-e-type=\"widget\" data-widget_type=\"divider.default\">\n\t\t\t\t\t\t\t<div class=\"elementor-divider\">\n\t\t\t<span class=\"elementor-divider-separator\">\n\t\t\t\t\t\t<\/span>\n\t\t<\/div>\n\t\t\t\t\t\t<\/div>\n\t\t\t\t\t<\/div>\n\t\t<\/div>\n\t\t\t\t\t<\/div>\n\t\t<\/section>\n\t\t\t\t<section class=\"has-el-gap el-gap-default elementor-section elementor-top-section elementor-element elementor-element-e955a94 elementor-section-boxed elementor-section-height-default elementor-section-height-default\" data-id=\"e955a94\" data-element_type=\"section\" data-e-type=\"section\">\n\t\t\t\t\t\t<div class=\"elementor-container elementor-column-gap-no\">\n\t\t\t\t\t<div class=\"elementor-column elementor-col-33 elementor-top-column elementor-element elementor-element-ba41b19\" data-id=\"ba41b19\" data-element_type=\"column\" data-e-type=\"column\">\n\t\t\t<div class=\"elementor-widget-wrap elementor-element-populated\">\n\t\t\t\t\t\t<div class=\"elementor-element elementor-element-43a91d6 elementor-widget elementor-widget-smartmag-postssmall\" data-id=\"43a91d6\" data-element_type=\"widget\" data-e-type=\"widget\" data-widget_type=\"smartmag-postssmall.default\">\n\t\t\t\t<div class=\"elementor-widget-container\">\n\t\t\t\t\t\t\t<section class=\"block-wrap block-posts-small block-sc cols-gap-sm\" data-id=\"6\">\n\n\t\t\t\t\t\t\t\t\n\t\t\t\t\t\t\t\n\t\t\t\t<div class=\"block-head block-head-ac block-head-e block-head-e1 is-left\">\n\n\t\t\t\t\t<h2 class=\"heading\">\u00c4gypten<\/h2>\t\t\t\t\t\n\t\t\t\t\t\t\t\t\t<\/div>\n\t\t\t\t\n\t\t\t\n\t\t\t\n\t\t\t<div class=\"block-content\">\n\t\t\t\t\n\t<div class=\"loop loop-small loop-small- loop-sep loop-small-sep grid grid-1 md:grid-1 sm:grid-1 xs:grid-1\">\n\n\t\t\t\t\t\n<article class=\"l-post small-post m-pos-left\">\n\n\t\n\t\t\t<div class=\"media\">\n\n\t\t\n\t\t\t<a href=\"https:\/\/www.sonnenklar.tv\/blog\/urlaubslaender\/aegypten\/marsa-alam-tipps\/\" class=\"image-link media-ratio ratio-1-1\" title=\"Marsa Alam: Tipps f\u00fcr einen Traumurlaub am Roten Meer\"><img loading=\"lazy\" decoding=\"async\" width=\"112\" height=\"112\" src=\"https:\/\/www.sonnenklar.tv\/blog\/wp-content\/uploads\/2024\/09\/GettyImages-495095424_2028249-800x414.jpg\" class=\"attachment-medium size-medium wp-post-image\" alt=\"Schildkr\u00f6te und Fische im Wasser bei Marsa Alam\" sizes=\"(max-width: 112px) 100vw, 112px\" title=\"Marsa Alam: Tipps f\u00fcr einen Traumurlaub am Roten Meer\" srcset=\"https:\/\/www.sonnenklar.tv\/blog\/wp-content\/uploads\/2024\/09\/GettyImages-495095424_2028249-800x414.jpg 800w, https:\/\/www.sonnenklar.tv\/blog\/wp-content\/uploads\/2024\/09\/GettyImages-495095424_2028249-450x233.jpg 450w, https:\/\/www.sonnenklar.tv\/blog\/wp-content\/uploads\/2024\/09\/GettyImages-495095424_2028249-768x397.jpg 768w, https:\/\/www.sonnenklar.tv\/blog\/wp-content\/uploads\/2024\/09\/GettyImages-495095424_2028249-320x165.jpg 320w, https:\/\/www.sonnenklar.tv\/blog\/wp-content\/uploads\/2024\/09\/GettyImages-495095424_2028249-560x290.jpg 560w, https:\/\/www.sonnenklar.tv\/blog\/wp-content\/uploads\/2024\/09\/GettyImages-495095424_2028249.jpg 880w\" \/><\/a>\t\t\t\n\t\t\t\n\t\t\t\n\t\t\t\n\t\t\n\t\t<\/div>\n\t\n\n\t\n\t\t<div class=\"content\">\n\n\t\t\t<div class=\"post-meta post-meta-a post-meta-left\"><h3 class=\"is-title post-title\"><a href=\"https:\/\/www.sonnenklar.tv\/blog\/urlaubslaender\/aegypten\/marsa-alam-tipps\/\">Marsa Alam: Tipps f\u00fcr einen Traumurlaub am Roten Meer<\/a><\/h3><\/div>\t\t\t\n\t\t\t\n\t\t\t\n\t\t<\/div>\n\n\t\n<\/article>\t\n\t\t\t\t\t\n<article class=\"l-post small-post m-pos-left\">\n\n\t\n\t\t\t<div class=\"media\">\n\n\t\t\n\t\t\t<a href=\"https:\/\/www.sonnenklar.tv\/blog\/urlaubslaender\/aegypten\/hurghada-oder-marsa-alam\/\" class=\"image-link media-ratio ratio-1-1\" title=\"Hurghada oder Marsa Alam: Vergleich der Traumziele\"><img loading=\"lazy\" decoding=\"async\" width=\"112\" height=\"112\" src=\"https:\/\/www.sonnenklar.tv\/blog\/wp-content\/uploads\/2024\/08\/GettyImages-470690382_3477385-800x410.jpg\" class=\"attachment-medium size-medium wp-post-image\" alt=\"Bunte Fische und Korallen im Roten Meer, \u00c4gypten\" sizes=\"(max-width: 112px) 100vw, 112px\" title=\"Hurghada oder Marsa Alam: Vergleich der Traumziele\" srcset=\"https:\/\/www.sonnenklar.tv\/blog\/wp-content\/uploads\/2024\/08\/GettyImages-470690382_3477385-800x410.jpg 800w, https:\/\/www.sonnenklar.tv\/blog\/wp-content\/uploads\/2024\/08\/GettyImages-470690382_3477385-450x231.jpg 450w, https:\/\/www.sonnenklar.tv\/blog\/wp-content\/uploads\/2024\/08\/GettyImages-470690382_3477385-768x394.jpg 768w, https:\/\/www.sonnenklar.tv\/blog\/wp-content\/uploads\/2024\/08\/GettyImages-470690382_3477385-320x164.jpg 320w, https:\/\/www.sonnenklar.tv\/blog\/wp-content\/uploads\/2024\/08\/GettyImages-470690382_3477385-560x287.jpg 560w, https:\/\/www.sonnenklar.tv\/blog\/wp-content\/uploads\/2024\/08\/GettyImages-470690382_3477385.jpg 880w\" \/><\/a>\t\t\t\n\t\t\t\n\t\t\t\n\t\t\t\n\t\t\n\t\t<\/div>\n\t\n\n\t\n\t\t<div class=\"content\">\n\n\t\t\t<div class=\"post-meta post-meta-a post-meta-left\"><h3 class=\"is-title post-title\"><a href=\"https:\/\/www.sonnenklar.tv\/blog\/urlaubslaender\/aegypten\/hurghada-oder-marsa-alam\/\">Hurghada oder Marsa Alam: Vergleich der Traumziele<\/a><\/h3><\/div>\t\t\t\n\t\t\t\n\t\t\t\n\t\t<\/div>\n\n\t\n<\/article>\t\n\t\t\t\t\t\n<article class=\"l-post small-post m-pos-left\">\n\n\t\n\t\t\t<div class=\"media\">\n\n\t\t\n\t\t\t<a href=\"https:\/\/www.sonnenklar.tv\/blog\/urlaubslaender\/aegypten\/sharm-el-sheikh-tipps\/\" class=\"image-link media-ratio ratio-1-1\" title=\"Sharm El Sheikh: Tipps f\u00fcr die Perle \u00c4gyptens\"><img loading=\"lazy\" decoding=\"async\" width=\"112\" height=\"112\" src=\"https:\/\/www.sonnenklar.tv\/blog\/wp-content\/uploads\/2022\/12\/GettyImages-1173359888-800x409.jpg\" class=\"attachment-medium size-medium wp-post-image\" alt=\"\" sizes=\"(max-width: 112px) 100vw, 112px\" title=\"Sharm El Sheikh: Tipps f\u00fcr die Perle \u00c4gyptens\" srcset=\"https:\/\/www.sonnenklar.tv\/blog\/wp-content\/uploads\/2022\/12\/GettyImages-1173359888-800x409.jpg 800w, https:\/\/www.sonnenklar.tv\/blog\/wp-content\/uploads\/2022\/12\/GettyImages-1173359888-450x230.jpg 450w, https:\/\/www.sonnenklar.tv\/blog\/wp-content\/uploads\/2022\/12\/GettyImages-1173359888-768x393.jpg 768w, https:\/\/www.sonnenklar.tv\/blog\/wp-content\/uploads\/2022\/12\/GettyImages-1173359888-300x153.jpg 300w, https:\/\/www.sonnenklar.tv\/blog\/wp-content\/uploads\/2022\/12\/GettyImages-1173359888.jpg 880w\" \/><\/a>\t\t\t\n\t\t\t\n\t\t\t\n\t\t\t\n\t\t\n\t\t<\/div>\n\t\n\n\t\n\t\t<div class=\"content\">\n\n\t\t\t<div class=\"post-meta post-meta-a post-meta-left\"><h3 class=\"is-title post-title\"><a href=\"https:\/\/www.sonnenklar.tv\/blog\/urlaubslaender\/aegypten\/sharm-el-sheikh-tipps\/\">Sharm El Sheikh: Tipps f\u00fcr die Perle \u00c4gyptens<\/a><\/h3><\/div>\t\t\t\n\t\t\t\n\t\t\t\n\t\t<\/div>\n\n\t\n<\/article>\t\n\t\t\n\t<\/div>\n\n\t\t\t\t\t<\/div>\n\n\t\t<\/section>\n\t\t\t\t\t\t<\/div>\n\t\t\t\t<\/div>\n\t\t\t\t\t<\/div>\n\t\t<\/div>\n\t\t\t\t<div class=\"elementor-column elementor-col-33 elementor-top-column elementor-element elementor-element-5f69171\" data-id=\"5f69171\" data-element_type=\"column\" data-e-type=\"column\">\n\t\t\t<div class=\"elementor-widget-wrap elementor-element-populated\">\n\t\t\t\t\t\t<div class=\"elementor-element elementor-element-6d13fe2 elementor-widget elementor-widget-smartmag-postssmall\" data-id=\"6d13fe2\" data-element_type=\"widget\" data-e-type=\"widget\" data-widget_type=\"smartmag-postssmall.default\">\n\t\t\t\t<div class=\"elementor-widget-container\">\n\t\t\t\t\t\t\t<section class=\"block-wrap block-posts-small block-sc\" data-id=\"7\">\n\n\t\t\t\t\t\t\t\t\n\t\t\t\t\t\t\t\n\t\t\t\t<div class=\"block-head block-head-ac block-head-e block-head-e1 is-left\">\n\n\t\t\t\t\t<h2 class=\"heading\">T\u00fcrkei<\/h2>\t\t\t\t\t\n\t\t\t\t\t\t\t\t\t<\/div>\n\t\t\t\t\n\t\t\t\n\t\t\t\n\t\t\t<div class=\"block-content\">\n\t\t\t\t\n\t<div class=\"loop loop-small loop-small- loop-sep loop-small-sep grid grid-1 md:grid-1 sm:grid-1 xs:grid-1\">\n\n\t\t\t\t\t\n<article class=\"l-post small-post m-pos-left\">\n\n\t\n\t\t\t<div class=\"media\">\n\n\t\t\n\t\t\t<a href=\"https:\/\/www.sonnenklar.tv\/blog\/urlaubslaender\/tuerkei\/izmir-sehenswuerdigkeiten\/\" class=\"image-link media-ratio ratio-1-1\" title=\"Izmir Sehensw\u00fcrdigkeiten \u2013 Ein Streifzug durch die Perle der \u00c4g\u00e4is\"><img loading=\"lazy\" decoding=\"async\" width=\"112\" height=\"112\" src=\"https:\/\/www.sonnenklar.tv\/blog\/wp-content\/uploads\/2025\/02\/GettyImages-1044602138-800x408.jpg\" class=\"attachment-medium size-medium wp-post-image\" alt=\"Izmir Sehensw\u00fcrdigkeiten: Flamingos am Wasser\" sizes=\"(max-width: 112px) 100vw, 112px\" title=\"Izmir Sehensw\u00fcrdigkeiten \u2013 Ein Streifzug durch die Perle der \u00c4g\u00e4is\" srcset=\"https:\/\/www.sonnenklar.tv\/blog\/wp-content\/uploads\/2025\/02\/GettyImages-1044602138-800x408.jpg 800w, https:\/\/www.sonnenklar.tv\/blog\/wp-content\/uploads\/2025\/02\/GettyImages-1044602138-450x230.jpg 450w, https:\/\/www.sonnenklar.tv\/blog\/wp-content\/uploads\/2025\/02\/GettyImages-1044602138-768x392.jpg 768w, https:\/\/www.sonnenklar.tv\/blog\/wp-content\/uploads\/2025\/02\/GettyImages-1044602138-320x163.jpg 320w, https:\/\/www.sonnenklar.tv\/blog\/wp-content\/uploads\/2025\/02\/GettyImages-1044602138-560x286.jpg 560w, https:\/\/www.sonnenklar.tv\/blog\/wp-content\/uploads\/2025\/02\/GettyImages-1044602138.jpg 880w\" \/><\/a>\t\t\t\n\t\t\t\n\t\t\t\n\t\t\t\n\t\t\n\t\t<\/div>\n\t\n\n\t\n\t\t<div class=\"content\">\n\n\t\t\t<div class=\"post-meta post-meta-a post-meta-left\"><h3 class=\"is-title post-title\"><a href=\"https:\/\/www.sonnenklar.tv\/blog\/urlaubslaender\/tuerkei\/izmir-sehenswuerdigkeiten\/\">Izmir Sehensw\u00fcrdigkeiten \u2013 Ein Streifzug durch die Perle der \u00c4g\u00e4is<\/a><\/h3><\/div>\t\t\t\n\t\t\t\n\t\t\t\n\t\t<\/div>\n\n\t\n<\/article>\t\n\t\t\t\t\t\n<article class=\"l-post small-post m-pos-left\">\n\n\t\n\t\t\t<div class=\"media\">\n\n\t\t\n\t\t\t<a href=\"https:\/\/www.sonnenklar.tv\/blog\/urlaubslaender\/tuerkei\/tuerkei-mit-kindern\/\" class=\"image-link media-ratio ratio-1-1\" title=\"T\u00fcrkei mit Kindern \u2013 die sch\u00f6nsten Orte f\u00fcr unvergessliche Ferien\"><img loading=\"lazy\" decoding=\"async\" width=\"112\" height=\"112\" src=\"https:\/\/www.sonnenklar.tv\/blog\/wp-content\/uploads\/2024\/09\/GettyImages-155388975_2091922-800x408.jpg\" class=\"attachment-medium size-medium wp-post-image\" alt=\"Nahaufnahme von lachendem M\u00e4dchen mit Taucherbrille und Schnorchel am Strand\" sizes=\"(max-width: 112px) 100vw, 112px\" title=\"T\u00fcrkei mit Kindern \u2013 die sch\u00f6nsten Orte f\u00fcr unvergessliche Ferien\" srcset=\"https:\/\/www.sonnenklar.tv\/blog\/wp-content\/uploads\/2024\/09\/GettyImages-155388975_2091922-800x408.jpg 800w, https:\/\/www.sonnenklar.tv\/blog\/wp-content\/uploads\/2024\/09\/GettyImages-155388975_2091922-450x230.jpg 450w, https:\/\/www.sonnenklar.tv\/blog\/wp-content\/uploads\/2024\/09\/GettyImages-155388975_2091922-768x392.jpg 768w, https:\/\/www.sonnenklar.tv\/blog\/wp-content\/uploads\/2024\/09\/GettyImages-155388975_2091922-320x163.jpg 320w, https:\/\/www.sonnenklar.tv\/blog\/wp-content\/uploads\/2024\/09\/GettyImages-155388975_2091922-560x286.jpg 560w, https:\/\/www.sonnenklar.tv\/blog\/wp-content\/uploads\/2024\/09\/GettyImages-155388975_2091922.jpg 880w\" \/><\/a>\t\t\t\n\t\t\t\n\t\t\t\n\t\t\t\n\t\t\n\t\t<\/div>\n\t\n\n\t\n\t\t<div class=\"content\">\n\n\t\t\t<div class=\"post-meta post-meta-a post-meta-left\"><h3 class=\"is-title post-title\"><a href=\"https:\/\/www.sonnenklar.tv\/blog\/urlaubslaender\/tuerkei\/tuerkei-mit-kindern\/\">T\u00fcrkei mit Kindern \u2013 die sch\u00f6nsten Orte f\u00fcr unvergessliche Ferien<\/a><\/h3><\/div>\t\t\t\n\t\t\t\n\t\t\t\n\t\t<\/div>\n\n\t\n<\/article>\t\n\t\t\t\t\t\n<article class=\"l-post small-post m-pos-left\">\n\n\t\n\t\t\t<div class=\"media\">\n\n\t\t\n\t\t\t<a href=\"https:\/\/www.sonnenklar.tv\/blog\/reisetipps\/marmaris-reisetipps\/\" class=\"image-link media-ratio ratio-1-1\" title=\"Reisetipps f\u00fcr Marmaris: Traumurlaub an der T\u00fcrkischen \u00c4g\u00e4is\"><img loading=\"lazy\" decoding=\"async\" width=\"112\" height=\"112\" src=\"https:\/\/www.sonnenklar.tv\/blog\/wp-content\/uploads\/2024\/09\/Urlaub-Marmaris-880x450-1-800x409.jpg\" class=\"attachment-medium size-medium wp-post-image\" alt=\"Urlaub in Marmaris, T\u00fcrkische \u00c4g\u00e4is\" sizes=\"(max-width: 112px) 100vw, 112px\" title=\"Reisetipps f\u00fcr Marmaris: Traumurlaub an der T\u00fcrkischen \u00c4g\u00e4is\" srcset=\"https:\/\/www.sonnenklar.tv\/blog\/wp-content\/uploads\/2024\/09\/Urlaub-Marmaris-880x450-1-800x409.jpg 800w, https:\/\/www.sonnenklar.tv\/blog\/wp-content\/uploads\/2024\/09\/Urlaub-Marmaris-880x450-1-450x230.jpg 450w, https:\/\/www.sonnenklar.tv\/blog\/wp-content\/uploads\/2024\/09\/Urlaub-Marmaris-880x450-1-768x393.jpg 768w, https:\/\/www.sonnenklar.tv\/blog\/wp-content\/uploads\/2024\/09\/Urlaub-Marmaris-880x450-1-320x164.jpg 320w, https:\/\/www.sonnenklar.tv\/blog\/wp-content\/uploads\/2024\/09\/Urlaub-Marmaris-880x450-1-560x286.jpg 560w, https:\/\/www.sonnenklar.tv\/blog\/wp-content\/uploads\/2024\/09\/Urlaub-Marmaris-880x450-1.jpg 880w\" \/><\/a>\t\t\t\n\t\t\t\n\t\t\t\n\t\t\t\n\t\t\n\t\t<\/div>\n\t\n\n\t\n\t\t<div class=\"content\">\n\n\t\t\t<div class=\"post-meta post-meta-a post-meta-left\"><h3 class=\"is-title post-title\"><a href=\"https:\/\/www.sonnenklar.tv\/blog\/reisetipps\/marmaris-reisetipps\/\">Reisetipps f\u00fcr Marmaris: Traumurlaub an der T\u00fcrkischen \u00c4g\u00e4is<\/a><\/h3><\/div>\t\t\t\n\t\t\t\n\t\t\t\n\t\t<\/div>\n\n\t\n<\/article>\t\n\t\t\n\t<\/div>\n\n\t\t\t\t\t<\/div>\n\n\t\t<\/section>\n\t\t\t\t\t\t<\/div>\n\t\t\t\t<\/div>\n\t\t\t\t\t<\/div>\n\t\t<\/div>\n\t\t\t\t<div class=\"elementor-column elementor-col-33 elementor-top-column elementor-element elementor-element-d1f5b9c\" data-id=\"d1f5b9c\" data-element_type=\"column\" data-e-type=\"column\">\n\t\t\t<div class=\"elementor-widget-wrap elementor-element-populated\">\n\t\t\t\t\t\t<div class=\"elementor-element elementor-element-5917b98 elementor-widget elementor-widget-smartmag-postssmall\" data-id=\"5917b98\" data-element_type=\"widget\" data-e-type=\"widget\" data-widget_type=\"smartmag-postssmall.default\">\n\t\t\t\t<div class=\"elementor-widget-container\">\n\t\t\t\t\t\t\t<section class=\"block-wrap block-posts-small block-sc\" data-id=\"8\">\n\n\t\t\t\t\t\t\t\t\n\t\t\t\t\t\t\t\n\t\t\t\t<div class=\"block-head block-head-ac block-head-e block-head-e1 is-left\">\n\n\t\t\t\t\t<h2 class=\"heading\">Griechenland<\/h2>\t\t\t\t\t\n\t\t\t\t\t\t\t\t\t<\/div>\n\t\t\t\t\n\t\t\t\n\t\t\t\n\t\t\t<div class=\"block-content\">\n\t\t\t\t\n\t<div class=\"loop loop-small loop-small- loop-sep loop-small-sep grid grid-1 md:grid-1 sm:grid-1 xs:grid-1\">\n\n\t\t\t\t\t\n<article class=\"l-post small-post m-pos-left\">\n\n\t\n\t\t\t<div class=\"media\">\n\n\t\t\n\t\t\t<a href=\"https:\/\/www.sonnenklar.tv\/blog\/urlaubslaender\/griechenland\/mykonos-oder-santorini\/\" class=\"image-link media-ratio ratio-1-1\" title=\"Mykonos oder Santorini: Zwei Kykladensch\u00f6nheiten im Vergleich\"><img loading=\"lazy\" decoding=\"async\" width=\"112\" height=\"112\" src=\"https:\/\/www.sonnenklar.tv\/blog\/wp-content\/uploads\/2024\/09\/GettyImages-1153172081_Mykonos-town-Mykonos-island-Greece_3473394-800x414.jpg\" class=\"attachment-medium size-medium wp-post-image\" alt=\"Mykonos skyline mit weisser m\u00fchle im vordergrund\" sizes=\"(max-width: 112px) 100vw, 112px\" title=\"Mykonos oder Santorini: Zwei Kykladensch\u00f6nheiten im Vergleich\" srcset=\"https:\/\/www.sonnenklar.tv\/blog\/wp-content\/uploads\/2024\/09\/GettyImages-1153172081_Mykonos-town-Mykonos-island-Greece_3473394-800x414.jpg 800w, https:\/\/www.sonnenklar.tv\/blog\/wp-content\/uploads\/2024\/09\/GettyImages-1153172081_Mykonos-town-Mykonos-island-Greece_3473394-450x233.jpg 450w, https:\/\/www.sonnenklar.tv\/blog\/wp-content\/uploads\/2024\/09\/GettyImages-1153172081_Mykonos-town-Mykonos-island-Greece_3473394-768x397.jpg 768w, https:\/\/www.sonnenklar.tv\/blog\/wp-content\/uploads\/2024\/09\/GettyImages-1153172081_Mykonos-town-Mykonos-island-Greece_3473394-320x165.jpg 320w, https:\/\/www.sonnenklar.tv\/blog\/wp-content\/uploads\/2024\/09\/GettyImages-1153172081_Mykonos-town-Mykonos-island-Greece_3473394-560x290.jpg 560w, https:\/\/www.sonnenklar.tv\/blog\/wp-content\/uploads\/2024\/09\/GettyImages-1153172081_Mykonos-town-Mykonos-island-Greece_3473394.jpg 880w\" \/><\/a>\t\t\t\n\t\t\t\n\t\t\t\n\t\t\t\n\t\t\n\t\t<\/div>\n\t\n\n\t\n\t\t<div class=\"content\">\n\n\t\t\t<div class=\"post-meta post-meta-a post-meta-left\"><h3 class=\"is-title post-title\"><a href=\"https:\/\/www.sonnenklar.tv\/blog\/urlaubslaender\/griechenland\/mykonos-oder-santorini\/\">Mykonos oder Santorini: Zwei Kykladensch\u00f6nheiten im Vergleich<\/a><\/h3><\/div>\t\t\t\n\t\t\t\n\t\t\t\n\t\t<\/div>\n\n\t\n<\/article>\t\n\t\t\t\t\t\n<article class=\"l-post small-post m-pos-left\">\n\n\t\n\t\t\t<div class=\"media\">\n\n\t\t\n\t\t\t<a href=\"https:\/\/www.sonnenklar.tv\/blog\/reisetipps\/straende\/olympische-riviera-straende\/\" class=\"image-link media-ratio ratio-1-1\" title=\"Olympische Riviera &#8211; die sch\u00f6nsten Str\u00e4nde im Schatten des G\u00f6tterbergs\"><img loading=\"lazy\" decoding=\"async\" width=\"112\" height=\"112\" src=\"https:\/\/www.sonnenklar.tv\/blog\/wp-content\/uploads\/2024\/09\/olympische-riviera-hero_3902220-800x407.jpg\" class=\"attachment-medium size-medium wp-post-image\" alt=\"Olympische Riviera: H\u00e4user an gr\u00fcnem H\u00fcgel mit Gebirge in Hintergrund\" sizes=\"(max-width: 112px) 100vw, 112px\" title=\"Olympische Riviera &#8211; die sch\u00f6nsten Str\u00e4nde im Schatten des G\u00f6tterbergs\" srcset=\"https:\/\/www.sonnenklar.tv\/blog\/wp-content\/uploads\/2024\/09\/olympische-riviera-hero_3902220-800x407.jpg 800w, https:\/\/www.sonnenklar.tv\/blog\/wp-content\/uploads\/2024\/09\/olympische-riviera-hero_3902220-450x229.jpg 450w, https:\/\/www.sonnenklar.tv\/blog\/wp-content\/uploads\/2024\/09\/olympische-riviera-hero_3902220-768x391.jpg 768w, https:\/\/www.sonnenklar.tv\/blog\/wp-content\/uploads\/2024\/09\/olympische-riviera-hero_3902220-320x163.jpg 320w, https:\/\/www.sonnenklar.tv\/blog\/wp-content\/uploads\/2024\/09\/olympische-riviera-hero_3902220-560x285.jpg 560w, https:\/\/www.sonnenklar.tv\/blog\/wp-content\/uploads\/2024\/09\/olympische-riviera-hero_3902220.jpg 880w\" \/><\/a>\t\t\t\n\t\t\t\n\t\t\t\n\t\t\t\n\t\t\n\t\t<\/div>\n\t\n\n\t\n\t\t<div class=\"content\">\n\n\t\t\t<div class=\"post-meta post-meta-a post-meta-left\"><h3 class=\"is-title post-title\"><a href=\"https:\/\/www.sonnenklar.tv\/blog\/reisetipps\/straende\/olympische-riviera-straende\/\">Olympische Riviera &#8211; die sch\u00f6nsten Str\u00e4nde im Schatten des G\u00f6tterbergs<\/a><\/h3><\/div>\t\t\t\n\t\t\t\n\t\t\t\n\t\t<\/div>\n\n\t\n<\/article>\t\n\t\t\t\t\t\n<article class=\"l-post small-post m-pos-left\">\n\n\t\n\t\t\t<div class=\"media\">\n\n\t\t\n\t\t\t<a href=\"https:\/\/www.sonnenklar.tv\/blog\/reisearten\/familieurlaub\/griechenland-mit-kindern\/\" class=\"image-link media-ratio ratio-1-1\" title=\"Griechenland mit Kindern: 7 familienfreundliche Orte\"><img loading=\"lazy\" decoding=\"async\" width=\"112\" height=\"112\" src=\"https:\/\/www.sonnenklar.tv\/blog\/wp-content\/uploads\/2024\/09\/GettyImages-908985638-Family-in-Greece_4305024-800x409.jpg\" class=\"attachment-medium size-medium wp-post-image\" alt=\"Mutter, Vater und zwei Kinder blicken auf Stadt und Meer in Griechenland\" sizes=\"(max-width: 112px) 100vw, 112px\" title=\"Griechenland mit Kindern: 7 familienfreundliche Orte\" srcset=\"https:\/\/www.sonnenklar.tv\/blog\/wp-content\/uploads\/2024\/09\/GettyImages-908985638-Family-in-Greece_4305024-800x409.jpg 800w, https:\/\/www.sonnenklar.tv\/blog\/wp-content\/uploads\/2024\/09\/GettyImages-908985638-Family-in-Greece_4305024-450x230.jpg 450w, https:\/\/www.sonnenklar.tv\/blog\/wp-content\/uploads\/2024\/09\/GettyImages-908985638-Family-in-Greece_4305024-768x393.jpg 768w, https:\/\/www.sonnenklar.tv\/blog\/wp-content\/uploads\/2024\/09\/GettyImages-908985638-Family-in-Greece_4305024-320x164.jpg 320w, https:\/\/www.sonnenklar.tv\/blog\/wp-content\/uploads\/2024\/09\/GettyImages-908985638-Family-in-Greece_4305024-560x286.jpg 560w, https:\/\/www.sonnenklar.tv\/blog\/wp-content\/uploads\/2024\/09\/GettyImages-908985638-Family-in-Greece_4305024.jpg 880w\" \/><\/a>\t\t\t\n\t\t\t\n\t\t\t\n\t\t\t\n\t\t\n\t\t<\/div>\n\t\n\n\t\n\t\t<div class=\"content\">\n\n\t\t\t<div class=\"post-meta post-meta-a post-meta-left\"><h3 class=\"is-title post-title\"><a href=\"https:\/\/www.sonnenklar.tv\/blog\/reisearten\/familieurlaub\/griechenland-mit-kindern\/\">Griechenland mit Kindern: 7 familienfreundliche Orte<\/a><\/h3><\/div>\t\t\t\n\t\t\t\n\t\t\t\n\t\t<\/div>\n\n\t\n<\/article>\t\n\t\t\n\t<\/div>\n\n\t\t\t\t\t<\/div>\n\n\t\t<\/section>\n\t\t\t\t\t\t<\/div>\n\t\t\t\t<\/div>\n\t\t\t\t\t<\/div>\n\t\t<\/div>\n\t\t\t\t\t<\/div>\n\t\t<\/section>\n\t\t\t\t<section class=\"has-el-gap el-gap-default elementor-section elementor-top-section elementor-element elementor-element-fb1e0e3 elementor-section-boxed elementor-section-height-default elementor-section-height-default\" data-id=\"fb1e0e3\" data-element_type=\"section\" data-e-type=\"section\">\n\t\t\t\t\t\t<div class=\"elementor-container elementor-column-gap-no\">\n\t\t\t\t\t<div class=\"elementor-column elementor-col-100 elementor-top-column elementor-element elementor-element-5cad396\" data-id=\"5cad396\" data-element_type=\"column\" data-e-type=\"column\">\n\t\t\t<div class=\"elementor-widget-wrap elementor-element-populated\">\n\t\t\t\t\t\t<div class=\"elementor-element elementor-element-8b22822 elementor-widget-divider--view-line elementor-widget elementor-widget-divider\" data-id=\"8b22822\" data-element_type=\"widget\" data-e-type=\"widget\" data-widget_type=\"divider.default\">\n\t\t\t\t\t\t\t<div class=\"elementor-divider\">\n\t\t\t<span class=\"elementor-divider-separator\">\n\t\t\t\t\t\t<\/span>\n\t\t<\/div>\n\t\t\t\t\t\t<\/div>\n\t\t\t\t\t<\/div>\n\t\t<\/div>\n\t\t\t\t\t<\/div>\n\t\t<\/section>\n\t\t\t\t<section class=\"has-el-gap el-gap-default elementor-section elementor-top-section elementor-element elementor-element-c127f1e elementor-section-boxed elementor-section-height-default elementor-section-height-default\" data-id=\"c127f1e\" data-element_type=\"section\" data-e-type=\"section\">\n\t\t\t\t\t\t<div class=\"elementor-container elementor-column-gap-no\">\n\t\t\t\t\t<div class=\"elementor-column elementor-col-100 elementor-top-column elementor-element elementor-element-5e04944\" data-id=\"5e04944\" data-element_type=\"column\" data-e-type=\"column\">\n\t\t\t<div class=\"elementor-widget-wrap elementor-element-populated\">\n\t\t\t\t\t\t<div class=\"elementor-element elementor-element-7aa45eb elementor-widget elementor-widget-smartmag-grid\" data-id=\"7aa45eb\" data-element_type=\"widget\" data-e-type=\"widget\" data-widget_type=\"smartmag-grid.default\">\n\t\t\t\t<div class=\"elementor-widget-container\">\n\t\t\t\t\t\t\t<section class=\"block-wrap block-grid block-sc cols-gap-sm mb-none\" data-id=\"9\">\n\n\t\t\t\t\t\t\t\t\n\t\t\t\t\t\t\t\n\t\t\t\t<div class=\"block-head block-head-ac block-head-e block-head-e1 is-left\">\n\n\t\t\t\t\t<h2 class=\"heading\"><a href=\"https:\/\/www.sonnenklar.tv\/blog\/category\/reiseberichte\/\">Reiseberichte<\/a><\/h2>\t\t\t\t\t\n\t\t\t\t\t\t\t\t\t<\/div>\n\t\t\t\t\n\t\t\t\n\t\t\t\n\t\t\t<div class=\"block-content\">\n\t\t\t\t\t\n\t<div class=\"loop loop-grid loop-grid-stylish grid grid-3 md:grid-2 xs:grid-1\">\n\n\t\t\t\t\t\n<article class=\"l-post grid-post grid-stylish-post\">\n\n\t\n\t\t\t<div class=\"media\">\n\n\t\t\n\t\t\t<a href=\"https:\/\/www.sonnenklar.tv\/blog\/reiseberichte\/neapel-in-3-tagen-meine-5-tipps\/\" class=\"image-link media-ratio ar-bunyad-grid\" title=\"Neapel in 3 Tagen: meine 5 Tipps f\u00fcr ein unvergessliches Wochenende\"><img loading=\"lazy\" decoding=\"async\" width=\"383\" height=\"216\" src=\"https:\/\/www.sonnenklar.tv\/blog\/wp-content\/uploads\/2026\/04\/neapel-skyline-versuv-450x300.jpg\" class=\"attachment-bunyad-medium size-bunyad-medium wp-post-image\" alt=\"Blick auf Neapel und den Vesuv\" sizes=\"(max-width: 383px) 100vw, 383px\" title=\"Neapel in 3 Tagen: meine 5 Tipps f\u00fcr ein unvergessliches Wochenende\" srcset=\"https:\/\/www.sonnenklar.tv\/blog\/wp-content\/uploads\/2026\/04\/neapel-skyline-versuv-450x300.jpg 450w, https:\/\/www.sonnenklar.tv\/blog\/wp-content\/uploads\/2026\/04\/neapel-skyline-versuv-800x533.jpg 800w, https:\/\/www.sonnenklar.tv\/blog\/wp-content\/uploads\/2026\/04\/neapel-skyline-versuv-1160x773.jpg 1160w, https:\/\/www.sonnenklar.tv\/blog\/wp-content\/uploads\/2026\/04\/neapel-skyline-versuv-768x512.jpg 768w, https:\/\/www.sonnenklar.tv\/blog\/wp-content\/uploads\/2026\/04\/neapel-skyline-versuv.jpg 1200w\" \/><\/a>\t\t\t\n\t\t\t\n\t\t\t\n\t\t\t\n\t\t\n\t\t<\/div>\n\t\n\n\t\n\t\t<div class=\"content\">\n\n\t\t\t<div class=\"post-meta post-meta-a has-below\"><h3 class=\"is-title post-title limit-lines l-lines-3\"><a href=\"https:\/\/www.sonnenklar.tv\/blog\/reiseberichte\/neapel-in-3-tagen-meine-5-tipps\/\">Neapel in 3 Tagen: meine 5 Tipps f\u00fcr ein unvergessliches Wochenende<\/a><\/h3><div class=\"post-meta-items meta-below\"><span class=\"meta-item post-author\"><a href=\"https:\/\/www.sonnenklar.tv\/blog\/author\/sonnenklar-team\/\" title=\"Beitr\u00e4ge von sonnenklar.TV Team\" rel=\"author\">sonnenklar.TV Team<\/a><\/span><span class=\"meta-item date\"><span class=\"date-link\"><time class=\"post-date\" datetime=\"2026-04-28T17:35:21+02:00\">28. April 2026<\/time><\/span><\/span><\/div><\/div>\t\t\t\n\t\t\t\n\t\t\t\n\t\t<\/div>\n\n\t\n<\/article>\t\t\t\t\t\n<article class=\"l-post grid-post grid-stylish-post\">\n\n\t\n\t\t\t<div class=\"media\">\n\n\t\t\n\t\t\t<a href=\"https:\/\/www.sonnenklar.tv\/blog\/reiseberichte\/roadtrip-westkueste-usa-teil-2\/\" class=\"image-link media-ratio ar-bunyad-grid\" title=\"Roadtrip an der Westk\u00fcste der USA Teil 2 &#8211; Vegas, Valley und Wein\"><img loading=\"lazy\" decoding=\"async\" width=\"383\" height=\"216\" src=\"https:\/\/www.sonnenklar.tv\/blog\/wp-content\/uploads\/2025\/10\/usa-west-nevada-las-vegas-450x232.jpg\" class=\"attachment-bunyad-medium size-bunyad-medium wp-post-image\" alt=\"Welcome to Las Vegas - LED Wilkommensschild\" sizes=\"(max-width: 383px) 100vw, 383px\" title=\"Roadtrip an der Westk\u00fcste der USA Teil 2 &#8211; Vegas, Valley und Wein\" srcset=\"https:\/\/www.sonnenklar.tv\/blog\/wp-content\/uploads\/2025\/10\/usa-west-nevada-las-vegas-450x232.jpg 450w, https:\/\/www.sonnenklar.tv\/blog\/wp-content\/uploads\/2025\/10\/usa-west-nevada-las-vegas-150x77.jpg 150w, https:\/\/www.sonnenklar.tv\/blog\/wp-content\/uploads\/2025\/10\/usa-west-nevada-las-vegas-768x395.jpg 768w, https:\/\/www.sonnenklar.tv\/blog\/wp-content\/uploads\/2025\/10\/usa-west-nevada-las-vegas-800x412.jpg 800w, https:\/\/www.sonnenklar.tv\/blog\/wp-content\/uploads\/2025\/10\/usa-west-nevada-las-vegas-120x62.jpg 120w, https:\/\/www.sonnenklar.tv\/blog\/wp-content\/uploads\/2025\/10\/usa-west-nevada-las-vegas-90x46.jpg 90w, https:\/\/www.sonnenklar.tv\/blog\/wp-content\/uploads\/2025\/10\/usa-west-nevada-las-vegas-320x165.jpg 320w, https:\/\/www.sonnenklar.tv\/blog\/wp-content\/uploads\/2025\/10\/usa-west-nevada-las-vegas-560x288.jpg 560w, https:\/\/www.sonnenklar.tv\/blog\/wp-content\/uploads\/2025\/10\/usa-west-nevada-las-vegas.jpg 880w\" \/><\/a>\t\t\t\n\t\t\t\n\t\t\t\n\t\t\t\n\t\t\n\t\t<\/div>\n\t\n\n\t\n\t\t<div class=\"content\">\n\n\t\t\t<div class=\"post-meta post-meta-a has-below\"><h3 class=\"is-title post-title limit-lines l-lines-3\"><a href=\"https:\/\/www.sonnenklar.tv\/blog\/reiseberichte\/roadtrip-westkueste-usa-teil-2\/\">Roadtrip an der Westk\u00fcste der USA Teil 2 &#8211; Vegas, Valley und Wein<\/a><\/h3><div class=\"post-meta-items meta-below\"><span class=\"meta-item post-author\"><a href=\"https:\/\/www.sonnenklar.tv\/blog\/author\/sonnenklar-team\/\" title=\"Beitr\u00e4ge von sonnenklar.TV Team\" rel=\"author\">sonnenklar.TV Team<\/a><\/span><span class=\"meta-item date\"><span class=\"date-link\"><time class=\"post-date\" datetime=\"2025-10-21T09:45:49+02:00\">21. Oktober 2025<\/time><\/span><\/span><\/div><\/div>\t\t\t\n\t\t\t\n\t\t\t\n\t\t<\/div>\n\n\t\n<\/article>\t\t\t\t\t\n<article class=\"l-post grid-post grid-stylish-post\">\n\n\t\n\t\t\t<div class=\"media\">\n\n\t\t\n\t\t\t<a href=\"https:\/\/www.sonnenklar.tv\/blog\/reiseberichte\/roadtrip-westkueste-usa-teil-1\/\" class=\"image-link media-ratio ar-bunyad-grid\" title=\"Unser Roadtrip im Westen der USA &#8211; Teil 1: Von der Golden Gate zur \u201cGolden Trout\u201d\"><img loading=\"lazy\" decoding=\"async\" width=\"383\" height=\"216\" src=\"https:\/\/www.sonnenklar.tv\/blog\/wp-content\/uploads\/2024\/04\/2151269_usa-roadtrip-450x230.jpg\" class=\"attachment-bunyad-medium size-bunyad-medium wp-post-image\" alt=\"Campingwagen f\u00e4hrt Stra\u00dfe in den USA entlang\" sizes=\"(max-width: 383px) 100vw, 383px\" title=\"Unser Roadtrip im Westen der USA &#8211; Teil 1: Von der Golden Gate zur \u201cGolden Trout\u201d\" srcset=\"https:\/\/www.sonnenklar.tv\/blog\/wp-content\/uploads\/2024\/04\/2151269_usa-roadtrip-450x230.jpg 450w, https:\/\/www.sonnenklar.tv\/blog\/wp-content\/uploads\/2024\/04\/2151269_usa-roadtrip-150x77.jpg 150w, https:\/\/www.sonnenklar.tv\/blog\/wp-content\/uploads\/2024\/04\/2151269_usa-roadtrip-768x393.jpg 768w, https:\/\/www.sonnenklar.tv\/blog\/wp-content\/uploads\/2024\/04\/2151269_usa-roadtrip-800x409.jpg 800w, https:\/\/www.sonnenklar.tv\/blog\/wp-content\/uploads\/2024\/04\/2151269_usa-roadtrip-120x61.jpg 120w, https:\/\/www.sonnenklar.tv\/blog\/wp-content\/uploads\/2024\/04\/2151269_usa-roadtrip-90x46.jpg 90w, https:\/\/www.sonnenklar.tv\/blog\/wp-content\/uploads\/2024\/04\/2151269_usa-roadtrip-320x164.jpg 320w, https:\/\/www.sonnenklar.tv\/blog\/wp-content\/uploads\/2024\/04\/2151269_usa-roadtrip-560x286.jpg 560w, https:\/\/www.sonnenklar.tv\/blog\/wp-content\/uploads\/2024\/04\/2151269_usa-roadtrip.jpg 880w\" \/><\/a>\t\t\t\n\t\t\t\n\t\t\t\n\t\t\t\n\t\t\n\t\t<\/div>\n\t\n\n\t\n\t\t<div class=\"content\">\n\n\t\t\t<div class=\"post-meta post-meta-a has-below\"><h3 class=\"is-title post-title limit-lines l-lines-3\"><a href=\"https:\/\/www.sonnenklar.tv\/blog\/reiseberichte\/roadtrip-westkueste-usa-teil-1\/\">Unser Roadtrip im Westen der USA &#8211; Teil 1: Von der Golden Gate zur \u201cGolden Trout\u201d<\/a><\/h3><div class=\"post-meta-items meta-below\"><span class=\"meta-item post-author\"><a href=\"https:\/\/www.sonnenklar.tv\/blog\/author\/sonnenklar-team\/\" title=\"Beitr\u00e4ge von sonnenklar.TV Team\" rel=\"author\">sonnenklar.TV Team<\/a><\/span><span class=\"meta-item date\"><span class=\"date-link\"><time class=\"post-date\" datetime=\"2025-10-10T16:05:10+02:00\">10. Oktober 2025<\/time><\/span><\/span><\/div><\/div>\t\t\t\n\t\t\t\n\t\t\t\n\t\t<\/div>\n\n\t\n<\/article>\t\t\n\t<\/div>\n\n\t\t\n\t\t\t<\/div>\n\n\t\t<\/section>\n\t\t\t\t\t\t<\/div>\n\t\t\t\t<\/div>\n\t\t\t\t\t<\/div>\n\t\t<\/div>\n\t\t\t\t\t<\/div>\n\t\t<\/section>\n\t\t\t\t<section class=\"has-el-gap el-gap-default elementor-section elementor-top-section elementor-element elementor-element-2cfd660 elementor-section-boxed elementor-section-height-default elementor-section-height-default\" data-id=\"2cfd660\" data-element_type=\"section\" data-e-type=\"section\">\n\t\t\t\t\t\t<div class=\"elementor-container elementor-column-gap-no\">\n\t\t\t\t\t<div class=\"elementor-column elementor-col-100 elementor-top-column elementor-element elementor-element-ac71b66\" data-id=\"ac71b66\" data-element_type=\"column\" data-e-type=\"column\">\n\t\t\t<div class=\"elementor-widget-wrap elementor-element-populated\">\n\t\t\t\t\t\t<div class=\"elementor-element elementor-element-893c5a8 elementor-widget-divider--view-line elementor-widget elementor-widget-divider\" data-id=\"893c5a8\" data-element_type=\"widget\" data-e-type=\"widget\" data-widget_type=\"divider.default\">\n\t\t\t\t\t\t\t<div class=\"elementor-divider\">\n\t\t\t<span class=\"elementor-divider-separator\">\n\t\t\t\t\t\t<\/span>\n\t\t<\/div>\n\t\t\t\t\t\t<\/div>\n\t\t\t\t\t<\/div>\n\t\t<\/div>\n\t\t\t\t\t<\/div>\n\t\t<\/section>\n\t\t\t\t<section class=\"has-el-gap el-gap-default elementor-section elementor-top-section elementor-element elementor-element-c0f8b8d elementor-section-boxed elementor-section-height-default elementor-section-height-default\" data-id=\"c0f8b8d\" data-element_type=\"section\" data-e-type=\"section\">\n\t\t\t\t\t\t<div class=\"elementor-container elementor-column-gap-no\">\n\t\t\t\t\t<div class=\"elementor-column elementor-col-33 elementor-top-column elementor-element elementor-element-a6e7de5\" data-id=\"a6e7de5\" data-element_type=\"column\" data-e-type=\"column\">\n\t\t\t<div class=\"elementor-widget-wrap elementor-element-populated\">\n\t\t\t\t\t\t<div class=\"elementor-element elementor-element-c5e6ef4 elementor-widget elementor-widget-smartmag-postssmall\" data-id=\"c5e6ef4\" data-element_type=\"widget\" data-e-type=\"widget\" data-widget_type=\"smartmag-postssmall.default\">\n\t\t\t\t<div class=\"elementor-widget-container\">\n\t\t\t\t\t\t\t<section class=\"block-wrap block-posts-small block-sc cols-gap-sm\" data-id=\"10\">\n\n\t\t\t\t\t\t\t\t\n\t\t\t\t\t\t\t\n\t\t\t\t<div class=\"block-head block-head-ac block-head-e block-head-e1 is-left\">\n\n\t\t\t\t\t<h2 class=\"heading\">Spanien<\/h2>\t\t\t\t\t\n\t\t\t\t\t\t\t\t\t<\/div>\n\t\t\t\t\n\t\t\t\n\t\t\t\n\t\t\t<div class=\"block-content\">\n\t\t\t\t\n\t<div class=\"loop loop-small loop-small- loop-sep loop-small-sep grid grid-1 md:grid-1 sm:grid-1 xs:grid-1\">\n\n\t\t\t\t\t\n<article class=\"l-post small-post m-pos-left\">\n\n\t\n\t\t\t<div class=\"media\">\n\n\t\t\n\t\t\t<a href=\"https:\/\/www.sonnenklar.tv\/blog\/reisetipps\/top-4-urlaubsregionen-fuer-totale-sonnenfinsternis-2026\/\" class=\"image-link media-ratio ratio-1-1\" title=\"Top 4 Urlaubsregionen f\u00fcr eine perfekte totale Sonnenfinsternis 2026\"><img loading=\"lazy\" decoding=\"async\" width=\"112\" height=\"112\" src=\"https:\/\/www.sonnenklar.tv\/blog\/wp-content\/uploads\/2026\/04\/sonnenfinsternis-800x533.jpg\" class=\"attachment-medium size-medium wp-post-image\" alt=\"Aufnahme der Sonnenfinsternis 2017 in den USA\" sizes=\"(max-width: 112px) 100vw, 112px\" title=\"Top 4 Urlaubsregionen f\u00fcr eine perfekte totale Sonnenfinsternis 2026\" srcset=\"https:\/\/www.sonnenklar.tv\/blog\/wp-content\/uploads\/2026\/04\/sonnenfinsternis-800x533.jpg 800w, https:\/\/www.sonnenklar.tv\/blog\/wp-content\/uploads\/2026\/04\/sonnenfinsternis-1160x773.jpg 1160w, https:\/\/www.sonnenklar.tv\/blog\/wp-content\/uploads\/2026\/04\/sonnenfinsternis-150x100.jpg 150w, https:\/\/www.sonnenklar.tv\/blog\/wp-content\/uploads\/2026\/04\/sonnenfinsternis-450x300.jpg 450w, https:\/\/www.sonnenklar.tv\/blog\/wp-content\/uploads\/2026\/04\/sonnenfinsternis-768x512.jpg 768w, https:\/\/www.sonnenklar.tv\/blog\/wp-content\/uploads\/2026\/04\/sonnenfinsternis.jpg 1200w\" \/><\/a>\t\t\t\n\t\t\t\n\t\t\t\n\t\t\t\n\t\t\n\t\t<\/div>\n\t\n\n\t\n\t\t<div class=\"content\">\n\n\t\t\t<div class=\"post-meta post-meta-a post-meta-left\"><h3 class=\"is-title post-title\"><a href=\"https:\/\/www.sonnenklar.tv\/blog\/reisetipps\/top-4-urlaubsregionen-fuer-totale-sonnenfinsternis-2026\/\">Top 4 Urlaubsregionen f\u00fcr eine perfekte totale Sonnenfinsternis 2026<\/a><\/h3><\/div>\t\t\t\n\t\t\t\n\t\t\t\n\t\t<\/div>\n\n\t\n<\/article>\t\n\t\t\t\t\t\n<article class=\"l-post small-post m-pos-left\">\n\n\t\n\t\t\t<div class=\"media\">\n\n\t\t\n\t\t\t<a href=\"https:\/\/www.sonnenklar.tv\/blog\/urlaubslaender\/spanien\/malaga-sehenswuerdigkeiten\/\" class=\"image-link media-ratio ratio-1-1\" title=\"Top 13 Malaga Sehensw\u00fcrdigkeiten: Moderne Promenaden-Architektur trifft auf uralte Alcazaba\"><img loading=\"lazy\" decoding=\"async\" width=\"112\" height=\"112\" src=\"https:\/\/www.sonnenklar.tv\/blog\/wp-content\/uploads\/2024\/08\/malaga-800x409.jpg\" class=\"attachment-medium size-medium wp-post-image\" alt=\"Malaga Skyline\" sizes=\"(max-width: 112px) 100vw, 112px\" title=\"Top 13 Malaga Sehensw\u00fcrdigkeiten: Moderne Promenaden-Architektur trifft auf uralte Alcazaba\" srcset=\"https:\/\/www.sonnenklar.tv\/blog\/wp-content\/uploads\/2024\/08\/malaga-800x409.jpg 800w, https:\/\/www.sonnenklar.tv\/blog\/wp-content\/uploads\/2024\/08\/malaga-450x230.jpg 450w, https:\/\/www.sonnenklar.tv\/blog\/wp-content\/uploads\/2024\/08\/malaga-768x393.jpg 768w, https:\/\/www.sonnenklar.tv\/blog\/wp-content\/uploads\/2024\/08\/malaga-320x164.jpg 320w, https:\/\/www.sonnenklar.tv\/blog\/wp-content\/uploads\/2024\/08\/malaga-560x286.jpg 560w, https:\/\/www.sonnenklar.tv\/blog\/wp-content\/uploads\/2024\/08\/malaga.jpg 880w\" \/><\/a>\t\t\t\n\t\t\t\n\t\t\t\n\t\t\t\n\t\t\n\t\t<\/div>\n\t\n\n\t\n\t\t<div class=\"content\">\n\n\t\t\t<div class=\"post-meta post-meta-a post-meta-left\"><h3 class=\"is-title post-title\"><a href=\"https:\/\/www.sonnenklar.tv\/blog\/urlaubslaender\/spanien\/malaga-sehenswuerdigkeiten\/\">Top 13 Malaga Sehensw\u00fcrdigkeiten: Moderne Promenaden-Architektur trifft auf uralte Alcazaba<\/a><\/h3><\/div>\t\t\t\n\t\t\t\n\t\t\t\n\t\t<\/div>\n\n\t\n<\/article>\t\n\t\t\t\t\t\n<article class=\"l-post small-post m-pos-left\">\n\n\t\n\t\t\t<div class=\"media\">\n\n\t\t\n\t\t\t<a href=\"https:\/\/www.sonnenklar.tv\/blog\/reisetipps\/sehenswuerdigkeiten\/costa-del-sol-sehenswuerdigkeiten\/\" class=\"image-link media-ratio ratio-1-1\" title=\"Der sonnige S\u00fcden Spaniens \u2013 die Sehensw\u00fcrdigkeiten an der Costa del Sol\"><img loading=\"lazy\" decoding=\"async\" width=\"112\" height=\"112\" src=\"https:\/\/www.sonnenklar.tv\/blog\/wp-content\/uploads\/2021\/09\/GettyImages-532173985_Altstadt_Ronda-800x409.jpg\" class=\"attachment-medium size-medium wp-post-image\" alt=\"Altstadt Ronda\" sizes=\"(max-width: 112px) 100vw, 112px\" title=\"Der sonnige S\u00fcden Spaniens \u2013 die Sehensw\u00fcrdigkeiten an der Costa del Sol\" srcset=\"https:\/\/www.sonnenklar.tv\/blog\/wp-content\/uploads\/2021\/09\/GettyImages-532173985_Altstadt_Ronda-800x409.jpg 800w, https:\/\/www.sonnenklar.tv\/blog\/wp-content\/uploads\/2021\/09\/GettyImages-532173985_Altstadt_Ronda-450x230.jpg 450w, https:\/\/www.sonnenklar.tv\/blog\/wp-content\/uploads\/2021\/09\/GettyImages-532173985_Altstadt_Ronda-768x393.jpg 768w, https:\/\/www.sonnenklar.tv\/blog\/wp-content\/uploads\/2021\/09\/GettyImages-532173985_Altstadt_Ronda-300x153.jpg 300w, https:\/\/www.sonnenklar.tv\/blog\/wp-content\/uploads\/2021\/09\/GettyImages-532173985_Altstadt_Ronda.jpg 880w\" \/><\/a>\t\t\t\n\t\t\t\n\t\t\t\n\t\t\t\n\t\t\n\t\t<\/div>\n\t\n\n\t\n\t\t<div class=\"content\">\n\n\t\t\t<div class=\"post-meta post-meta-a post-meta-left\"><h3 class=\"is-title post-title\"><a href=\"https:\/\/www.sonnenklar.tv\/blog\/reisetipps\/sehenswuerdigkeiten\/costa-del-sol-sehenswuerdigkeiten\/\">Der sonnige S\u00fcden Spaniens \u2013 die Sehensw\u00fcrdigkeiten an der Costa del Sol<\/a><\/h3><\/div>\t\t\t\n\t\t\t\n\t\t\t\n\t\t<\/div>\n\n\t\n<\/article>\t\n\t\t\n\t<\/div>\n\n\t\t\t\t\t<\/div>\n\n\t\t<\/section>\n\t\t\t\t\t\t<\/div>\n\t\t\t\t<\/div>\n\t\t\t\t\t<\/div>\n\t\t<\/div>\n\t\t\t\t<div class=\"elementor-column elementor-col-33 elementor-top-column elementor-element elementor-element-988f09f\" data-id=\"988f09f\" data-element_type=\"column\" data-e-type=\"column\">\n\t\t\t<div class=\"elementor-widget-wrap elementor-element-populated\">\n\t\t\t\t\t\t<div class=\"elementor-element elementor-element-4c32522 elementor-widget elementor-widget-smartmag-postssmall\" data-id=\"4c32522\" data-element_type=\"widget\" data-e-type=\"widget\" data-widget_type=\"smartmag-postssmall.default\">\n\t\t\t\t<div class=\"elementor-widget-container\">\n\t\t\t\t\t\t\t<section class=\"block-wrap block-posts-small block-sc\" data-id=\"11\">\n\n\t\t\t\t\t\t\t\t\n\t\t\t\t\t\t\t\n\t\t\t\t<div class=\"block-head block-head-ac block-head-e block-head-e1 is-left\">\n\n\t\t\t\t\t<h2 class=\"heading\">Italien<\/h2>\t\t\t\t\t\n\t\t\t\t\t\t\t\t\t<\/div>\n\t\t\t\t\n\t\t\t\n\t\t\t\n\t\t\t<div class=\"block-content\">\n\t\t\t\t\n\t<div class=\"loop loop-small loop-small- loop-sep loop-small-sep grid grid-1 md:grid-1 sm:grid-1 xs:grid-1\">\n\n\t\t\t\t\t\n<article class=\"l-post small-post m-pos-left\">\n\n\t\n\t\t\t<div class=\"media\">\n\n\t\t\n\t\t\t<a href=\"https:\/\/www.sonnenklar.tv\/blog\/urlaubslaender\/tuerkei\/izmir-sehenswuerdigkeiten\/\" class=\"image-link media-ratio ratio-1-1\" title=\"Izmir Sehensw\u00fcrdigkeiten \u2013 Ein Streifzug durch die Perle der \u00c4g\u00e4is\"><img loading=\"lazy\" decoding=\"async\" width=\"112\" height=\"112\" src=\"https:\/\/www.sonnenklar.tv\/blog\/wp-content\/uploads\/2025\/02\/GettyImages-1044602138-800x408.jpg\" class=\"attachment-medium size-medium wp-post-image\" alt=\"Izmir Sehensw\u00fcrdigkeiten: Flamingos am Wasser\" sizes=\"(max-width: 112px) 100vw, 112px\" title=\"Izmir Sehensw\u00fcrdigkeiten \u2013 Ein Streifzug durch die Perle der \u00c4g\u00e4is\" srcset=\"https:\/\/www.sonnenklar.tv\/blog\/wp-content\/uploads\/2025\/02\/GettyImages-1044602138-800x408.jpg 800w, https:\/\/www.sonnenklar.tv\/blog\/wp-content\/uploads\/2025\/02\/GettyImages-1044602138-450x230.jpg 450w, https:\/\/www.sonnenklar.tv\/blog\/wp-content\/uploads\/2025\/02\/GettyImages-1044602138-768x392.jpg 768w, https:\/\/www.sonnenklar.tv\/blog\/wp-content\/uploads\/2025\/02\/GettyImages-1044602138-320x163.jpg 320w, https:\/\/www.sonnenklar.tv\/blog\/wp-content\/uploads\/2025\/02\/GettyImages-1044602138-560x286.jpg 560w, https:\/\/www.sonnenklar.tv\/blog\/wp-content\/uploads\/2025\/02\/GettyImages-1044602138.jpg 880w\" \/><\/a>\t\t\t\n\t\t\t\n\t\t\t\n\t\t\t\n\t\t\n\t\t<\/div>\n\t\n\n\t\n\t\t<div class=\"content\">\n\n\t\t\t<div class=\"post-meta post-meta-a post-meta-left\"><h3 class=\"is-title post-title\"><a href=\"https:\/\/www.sonnenklar.tv\/blog\/urlaubslaender\/tuerkei\/izmir-sehenswuerdigkeiten\/\">Izmir Sehensw\u00fcrdigkeiten \u2013 Ein Streifzug durch die Perle der \u00c4g\u00e4is<\/a><\/h3><\/div>\t\t\t\n\t\t\t\n\t\t\t\n\t\t<\/div>\n\n\t\n<\/article>\t\n\t\t\t\t\t\n<article class=\"l-post small-post m-pos-left\">\n\n\t\n\t\t\t<div class=\"media\">\n\n\t\t\n\t\t\t<a href=\"https:\/\/www.sonnenklar.tv\/blog\/urlaubslaender\/italien\/italien-mietwagen-tipps\/\" class=\"image-link media-ratio ratio-1-1\" title=\"Mit dem Auto durch Italien: Was ihr beachten m\u00fcsst\"><img loading=\"lazy\" decoding=\"async\" width=\"112\" height=\"112\" src=\"https:\/\/www.sonnenklar.tv\/blog\/wp-content\/uploads\/2024\/09\/italien-fiat-500-orange-auto-880x450-1-800x409.jpg\" class=\"attachment-medium size-medium wp-post-image\" alt=\"Gelber Fiat (Auto) vor einer Mauer in Italien\" sizes=\"(max-width: 112px) 100vw, 112px\" title=\"Mit dem Auto durch Italien: Was ihr beachten m\u00fcsst\" srcset=\"https:\/\/www.sonnenklar.tv\/blog\/wp-content\/uploads\/2024\/09\/italien-fiat-500-orange-auto-880x450-1-800x409.jpg 800w, https:\/\/www.sonnenklar.tv\/blog\/wp-content\/uploads\/2024\/09\/italien-fiat-500-orange-auto-880x450-1-450x230.jpg 450w, https:\/\/www.sonnenklar.tv\/blog\/wp-content\/uploads\/2024\/09\/italien-fiat-500-orange-auto-880x450-1-768x393.jpg 768w, https:\/\/www.sonnenklar.tv\/blog\/wp-content\/uploads\/2024\/09\/italien-fiat-500-orange-auto-880x450-1-320x164.jpg 320w, https:\/\/www.sonnenklar.tv\/blog\/wp-content\/uploads\/2024\/09\/italien-fiat-500-orange-auto-880x450-1-560x286.jpg 560w, https:\/\/www.sonnenklar.tv\/blog\/wp-content\/uploads\/2024\/09\/italien-fiat-500-orange-auto-880x450-1.jpg 880w\" \/><\/a>\t\t\t\n\t\t\t\n\t\t\t\n\t\t\t\n\t\t\n\t\t<\/div>\n\t\n\n\t\n\t\t<div class=\"content\">\n\n\t\t\t<div class=\"post-meta post-meta-a post-meta-left\"><h3 class=\"is-title post-title\"><a href=\"https:\/\/www.sonnenklar.tv\/blog\/urlaubslaender\/italien\/italien-mietwagen-tipps\/\">Mit dem Auto durch Italien: Was ihr beachten m\u00fcsst<\/a><\/h3><\/div>\t\t\t\n\t\t\t\n\t\t\t\n\t\t<\/div>\n\n\t\n<\/article>\t\n\t\t\t\t\t\n<article class=\"l-post small-post m-pos-left\">\n\n\t\n\t\t\t<div class=\"media\">\n\n\t\t\n\t\t\t<a href=\"https:\/\/www.sonnenklar.tv\/blog\/urlaubslaender\/tuerkei\/tuerkei-mit-kindern\/\" class=\"image-link media-ratio ratio-1-1\" title=\"T\u00fcrkei mit Kindern \u2013 die sch\u00f6nsten Orte f\u00fcr unvergessliche Ferien\"><img loading=\"lazy\" decoding=\"async\" width=\"112\" height=\"112\" src=\"https:\/\/www.sonnenklar.tv\/blog\/wp-content\/uploads\/2024\/09\/GettyImages-155388975_2091922-800x408.jpg\" class=\"attachment-medium size-medium wp-post-image\" alt=\"Nahaufnahme von lachendem M\u00e4dchen mit Taucherbrille und Schnorchel am Strand\" sizes=\"(max-width: 112px) 100vw, 112px\" title=\"T\u00fcrkei mit Kindern \u2013 die sch\u00f6nsten Orte f\u00fcr unvergessliche Ferien\" srcset=\"https:\/\/www.sonnenklar.tv\/blog\/wp-content\/uploads\/2024\/09\/GettyImages-155388975_2091922-800x408.jpg 800w, https:\/\/www.sonnenklar.tv\/blog\/wp-content\/uploads\/2024\/09\/GettyImages-155388975_2091922-450x230.jpg 450w, https:\/\/www.sonnenklar.tv\/blog\/wp-content\/uploads\/2024\/09\/GettyImages-155388975_2091922-768x392.jpg 768w, https:\/\/www.sonnenklar.tv\/blog\/wp-content\/uploads\/2024\/09\/GettyImages-155388975_2091922-320x163.jpg 320w, https:\/\/www.sonnenklar.tv\/blog\/wp-content\/uploads\/2024\/09\/GettyImages-155388975_2091922-560x286.jpg 560w, https:\/\/www.sonnenklar.tv\/blog\/wp-content\/uploads\/2024\/09\/GettyImages-155388975_2091922.jpg 880w\" \/><\/a>\t\t\t\n\t\t\t\n\t\t\t\n\t\t\t\n\t\t\n\t\t<\/div>\n\t\n\n\t\n\t\t<div class=\"content\">\n\n\t\t\t<div class=\"post-meta post-meta-a post-meta-left\"><h3 class=\"is-title post-title\"><a href=\"https:\/\/www.sonnenklar.tv\/blog\/urlaubslaender\/tuerkei\/tuerkei-mit-kindern\/\">T\u00fcrkei mit Kindern \u2013 die sch\u00f6nsten Orte f\u00fcr unvergessliche Ferien<\/a><\/h3><\/div>\t\t\t\n\t\t\t\n\t\t\t\n\t\t<\/div>\n\n\t\n<\/article>\t\n\t\t\n\t<\/div>\n\n\t\t\t\t\t<\/div>\n\n\t\t<\/section>\n\t\t\t\t\t\t<\/div>\n\t\t\t\t<\/div>\n\t\t\t\t\t<\/div>\n\t\t<\/div>\n\t\t\t\t<div class=\"elementor-column elementor-col-33 elementor-top-column elementor-element elementor-element-943a4e8\" data-id=\"943a4e8\" data-element_type=\"column\" data-e-type=\"column\">\n\t\t\t<div class=\"elementor-widget-wrap elementor-element-populated\">\n\t\t\t\t\t\t<div class=\"elementor-element elementor-element-ac6b3ce elementor-widget elementor-widget-smartmag-postssmall\" data-id=\"ac6b3ce\" data-element_type=\"widget\" data-e-type=\"widget\" data-widget_type=\"smartmag-postssmall.default\">\n\t\t\t\t<div class=\"elementor-widget-container\">\n\t\t\t\t\t\t\t<section class=\"block-wrap block-posts-small block-sc\" data-id=\"12\">\n\n\t\t\t\t\t\t\t\t\n\t\t\t\t\t\t\t\n\t\t\t\t<div class=\"block-head block-head-ac block-head-e block-head-e1 is-left\">\n\n\t\t\t\t\t<h2 class=\"heading\">Deutschland<\/h2>\t\t\t\t\t\n\t\t\t\t\t\t\t\t\t<\/div>\n\t\t\t\t\n\t\t\t\n\t\t\t\n\t\t\t<div class=\"block-content\">\n\t\t\t\t\n\t<div class=\"loop loop-small loop-small- loop-sep loop-small-sep grid grid-1 md:grid-1 sm:grid-1 xs:grid-1\">\n\n\t\t\t\t\t\n<article class=\"l-post small-post m-pos-left\">\n\n\t\n\t\t\t<div class=\"media\">\n\n\t\t\n\t\t\t<a href=\"https:\/\/www.sonnenklar.tv\/blog\/reisetipps\/straende\/schoenste-straende-sylt\/\" class=\"image-link media-ratio ratio-1-1\" title=\"Sch\u00f6nste Str\u00e4nde auf Sylt: Unsere Empfehlungen zum Baden, Entspannen und Aktivurlaub\"><img loading=\"lazy\" decoding=\"async\" width=\"112\" height=\"112\" src=\"https:\/\/www.sonnenklar.tv\/blog\/wp-content\/uploads\/2026\/04\/strand-sylt-strandkoerbe-800x533.jpg\" class=\"attachment-medium size-medium wp-post-image\" alt=\"Strand auf Sylt mit Strandk\u00f6rben\" sizes=\"(max-width: 112px) 100vw, 112px\" title=\"Sch\u00f6nste Str\u00e4nde auf Sylt: Unsere Empfehlungen zum Baden, Entspannen und Aktivurlaub\" srcset=\"https:\/\/www.sonnenklar.tv\/blog\/wp-content\/uploads\/2026\/04\/strand-sylt-strandkoerbe-800x533.jpg 800w, https:\/\/www.sonnenklar.tv\/blog\/wp-content\/uploads\/2026\/04\/strand-sylt-strandkoerbe-1160x773.jpg 1160w, https:\/\/www.sonnenklar.tv\/blog\/wp-content\/uploads\/2026\/04\/strand-sylt-strandkoerbe-150x100.jpg 150w, https:\/\/www.sonnenklar.tv\/blog\/wp-content\/uploads\/2026\/04\/strand-sylt-strandkoerbe-450x300.jpg 450w, https:\/\/www.sonnenklar.tv\/blog\/wp-content\/uploads\/2026\/04\/strand-sylt-strandkoerbe-768x512.jpg 768w, https:\/\/www.sonnenklar.tv\/blog\/wp-content\/uploads\/2026\/04\/strand-sylt-strandkoerbe.jpg 1200w\" \/><\/a>\t\t\t\n\t\t\t\n\t\t\t\n\t\t\t\n\t\t\n\t\t<\/div>\n\t\n\n\t\n\t\t<div class=\"content\">\n\n\t\t\t<div class=\"post-meta post-meta-a post-meta-left\"><h3 class=\"is-title post-title\"><a href=\"https:\/\/www.sonnenklar.tv\/blog\/reisetipps\/straende\/schoenste-straende-sylt\/\">Sch\u00f6nste Str\u00e4nde auf Sylt: Unsere Empfehlungen zum Baden, Entspannen und Aktivurlaub<\/a><\/h3><\/div>\t\t\t\n\t\t\t\n\t\t\t\n\t\t<\/div>\n\n\t\n<\/article>\t\n\t\t\t\t\t\n<article class=\"l-post small-post m-pos-left\">\n\n\t\n\t\t\t<div class=\"media\">\n\n\t\t\n\t\t\t<a href=\"https:\/\/www.sonnenklar.tv\/blog\/reisetipps\/sehenswuerdigkeiten\/bayreuth-sehenswuerdigkeiten\/\" class=\"image-link media-ratio ratio-1-1\" title=\"9 Top Bayreuth Sehensw\u00fcrdigkeiten: Kunst, Kultur und Leichtigkeit einer fr\u00e4nkischen Stadt\"><img loading=\"lazy\" decoding=\"async\" width=\"112\" height=\"112\" src=\"https:\/\/www.sonnenklar.tv\/blog\/wp-content\/uploads\/2026\/03\/bayreuth-aldtstadt-luftblick-800x533.jpg\" class=\"attachment-medium size-medium wp-post-image\" alt=\"Blick auf Altstadt von Bayreuth\" sizes=\"(max-width: 112px) 100vw, 112px\" title=\"9 Top Bayreuth Sehensw\u00fcrdigkeiten: Kunst, Kultur und Leichtigkeit einer fr\u00e4nkischen Stadt\" srcset=\"https:\/\/www.sonnenklar.tv\/blog\/wp-content\/uploads\/2026\/03\/bayreuth-aldtstadt-luftblick-800x533.jpg 800w, https:\/\/www.sonnenklar.tv\/blog\/wp-content\/uploads\/2026\/03\/bayreuth-aldtstadt-luftblick-1160x773.jpg 1160w, https:\/\/www.sonnenklar.tv\/blog\/wp-content\/uploads\/2026\/03\/bayreuth-aldtstadt-luftblick-150x100.jpg 150w, https:\/\/www.sonnenklar.tv\/blog\/wp-content\/uploads\/2026\/03\/bayreuth-aldtstadt-luftblick-450x300.jpg 450w, https:\/\/www.sonnenklar.tv\/blog\/wp-content\/uploads\/2026\/03\/bayreuth-aldtstadt-luftblick-768x512.jpg 768w, https:\/\/www.sonnenklar.tv\/blog\/wp-content\/uploads\/2026\/03\/bayreuth-aldtstadt-luftblick.jpg 1200w\" \/><\/a>\t\t\t\n\t\t\t\n\t\t\t\n\t\t\t\n\t\t\n\t\t<\/div>\n\t\n\n\t\n\t\t<div class=\"content\">\n\n\t\t\t<div class=\"post-meta post-meta-a post-meta-left\"><h3 class=\"is-title post-title\"><a href=\"https:\/\/www.sonnenklar.tv\/blog\/reisetipps\/sehenswuerdigkeiten\/bayreuth-sehenswuerdigkeiten\/\">9 Top Bayreuth Sehensw\u00fcrdigkeiten: Kunst, Kultur und Leichtigkeit einer fr\u00e4nkischen Stadt<\/a><\/h3><\/div>\t\t\t\n\t\t\t\n\t\t\t\n\t\t<\/div>\n\n\t\n<\/article>\t\n\t\t\t\t\t\n<article class=\"l-post small-post m-pos-left\">\n\n\t\n\t\t\t<div class=\"media\">\n\n\t\t\n\t\t\t<a href=\"https:\/\/www.sonnenklar.tv\/blog\/urlaubslaender\/deutschland\/bayreuther-festspiele-2026-highlights-events\/\" class=\"image-link media-ratio ratio-1-1\" title=\"150 Jahre Bayreuther Festspiele: Events und Highlights zum Jubil\u00e4um der Wagner Festspiele\"><img loading=\"lazy\" decoding=\"async\" width=\"112\" height=\"112\" src=\"https:\/\/www.sonnenklar.tv\/blog\/wp-content\/uploads\/2026\/02\/Festspielhaus-Bayreuth-800x533.jpg\" class=\"attachment-medium size-medium wp-post-image\" alt=\"Bayreuther Festspielhaus auf dem gr\u00fcnen H\u00fcgel mit buntem Blumenbeet\" sizes=\"(max-width: 112px) 100vw, 112px\" title=\"150 Jahre Bayreuther Festspiele: Events und Highlights zum Jubil\u00e4um der Wagner Festspiele\" srcset=\"https:\/\/www.sonnenklar.tv\/blog\/wp-content\/uploads\/2026\/02\/Festspielhaus-Bayreuth-800x533.jpg 800w, https:\/\/www.sonnenklar.tv\/blog\/wp-content\/uploads\/2026\/02\/Festspielhaus-Bayreuth-1160x773.jpg 1160w, https:\/\/www.sonnenklar.tv\/blog\/wp-content\/uploads\/2026\/02\/Festspielhaus-Bayreuth-150x100.jpg 150w, https:\/\/www.sonnenklar.tv\/blog\/wp-content\/uploads\/2026\/02\/Festspielhaus-Bayreuth-450x300.jpg 450w, https:\/\/www.sonnenklar.tv\/blog\/wp-content\/uploads\/2026\/02\/Festspielhaus-Bayreuth-768x512.jpg 768w, https:\/\/www.sonnenklar.tv\/blog\/wp-content\/uploads\/2026\/02\/Festspielhaus-Bayreuth.jpg 1200w\" \/><\/a>\t\t\t\n\t\t\t\n\t\t\t\n\t\t\t\n\t\t\n\t\t<\/div>\n\t\n\n\t\n\t\t<div class=\"content\">\n\n\t\t\t<div class=\"post-meta post-meta-a post-meta-left\"><h3 class=\"is-title post-title\"><a href=\"https:\/\/www.sonnenklar.tv\/blog\/urlaubslaender\/deutschland\/bayreuther-festspiele-2026-highlights-events\/\">150 Jahre Bayreuther Festspiele: Events und Highlights zum Jubil\u00e4um der Wagner Festspiele<\/a><\/h3><\/div>\t\t\t\n\t\t\t\n\t\t\t\n\t\t<\/div>\n\n\t\n<\/article>\t\n\t\t\n\t<\/div>\n\n\t\t\t\t\t<\/div>\n\n\t\t<\/section>\n\t\t\t\t\t\t<\/div>\n\t\t\t\t<\/div>\n\t\t\t\t\t<\/div>\n\t\t<\/div>\n\t\t\t\t\t<\/div>\n\t\t<\/section>\n\t\t\t\t<section class=\"has-el-gap el-gap-default elementor-section elementor-top-section elementor-element elementor-element-e79491e elementor-section-boxed elementor-section-height-default elementor-section-height-default\" data-id=\"e79491e\" data-element_type=\"section\" data-e-type=\"section\">\n\t\t\t\t\t\t<div class=\"elementor-container elementor-column-gap-no\">\n\t\t\t\t\t<div class=\"elementor-column elementor-col-100 elementor-top-column elementor-element elementor-element-1e6764c\" data-id=\"1e6764c\" data-element_type=\"column\" data-e-type=\"column\">\n\t\t\t<div class=\"elementor-widget-wrap elementor-element-populated\">\n\t\t\t\t\t\t<div class=\"elementor-element elementor-element-f1b03a5 elementor-widget-divider--view-line elementor-widget elementor-widget-divider\" data-id=\"f1b03a5\" data-element_type=\"widget\" data-e-type=\"widget\" data-widget_type=\"divider.default\">\n\t\t\t\t\t\t\t<div class=\"elementor-divider\">\n\t\t\t<span class=\"elementor-divider-separator\">\n\t\t\t\t\t\t<\/span>\n\t\t<\/div>\n\t\t\t\t\t\t<\/div>\n\t\t\t\t\t<\/div>\n\t\t<\/div>\n\t\t\t\t\t<\/div>\n\t\t<\/section>\n\t\t\t\t<section class=\"has-el-gap el-gap-default elementor-section elementor-top-section elementor-element elementor-element-4d6986f6 elementor-section-boxed elementor-section-height-default elementor-section-height-default\" data-id=\"4d6986f6\" data-element_type=\"section\" data-e-type=\"section\">\n\t\t\t\t\t\t<div class=\"elementor-container elementor-column-gap-no\">\n\t\t\t\t\t<div class=\"elementor-column elementor-col-100 elementor-top-column elementor-element elementor-element-24daf43a\" data-id=\"24daf43a\" data-element_type=\"column\" data-e-type=\"column\">\n\t\t\t<div class=\"elementor-widget-wrap elementor-element-populated\">\n\t\t\t\t\t\t<div class=\"elementor-element elementor-element-4ed8266a elementor-widget elementor-widget-smartmag-grid\" data-id=\"4ed8266a\" data-element_type=\"widget\" data-e-type=\"widget\" data-widget_type=\"smartmag-grid.default\">\n\t\t\t\t<div class=\"elementor-widget-container\">\n\t\t\t\t\t\t\t<section class=\"block-wrap block-grid block-sc cols-gap-sm mb-none\" data-id=\"13\">\n\n\t\t\t\t\t\t\t\t\n\t\t\t\t\t\t\t\n\t\t\t\t<div class=\"block-head block-head-ac block-head-e block-head-e1 is-left\">\n\n\t\t\t\t\t<h2 class=\"heading\"><a href=\"https:\/\/www.sonnenklar.tv\/blog\/category\/insides-von-sonnenklar-tv\/\">Insides von sonnenklar.tv<\/a><\/h2>\t\t\t\t\t\n\t\t\t\t\t\t\t\t\t<\/div>\n\t\t\t\t\n\t\t\t\n\t\t\t\n\t\t\t<div class=\"block-content\">\n\t\t\t\t\t\n\t<div class=\"loop loop-grid loop-grid-stylish grid grid-3 md:grid-2 xs:grid-1\">\n\n\t\t\t\t\t\n<article class=\"l-post grid-post grid-stylish-post\">\n\n\t\n\t\t\t<div class=\"media\">\n\n\t\t\n\t\t\t<a href=\"https:\/\/www.sonnenklar.tv\/blog\/insides\/sonnenklar-tv-events\/fly-and-help-fruehlingsshow-2026-rueckblick\/\" class=\"image-link media-ratio ar-bunyad-grid\" title=\"So war die Fly &amp; Help Fr\u00fchlingsshow am 27. M\u00e4rz 2026\"><img loading=\"lazy\" decoding=\"async\" width=\"383\" height=\"216\" src=\"https:\/\/www.sonnenklar.tv\/blog\/wp-content\/uploads\/2026\/04\/fly-and-help-show-2026-kochen-450x300.jpg\" class=\"attachment-bunyad-medium size-bunyad-medium wp-post-image\" alt=\"Kochen im sonnenklar.TV-Studio bei der Fly and Help Show 2026\" sizes=\"(max-width: 383px) 100vw, 383px\" title=\"So war die Fly &amp; Help Fr\u00fchlingsshow am 27. M\u00e4rz 2026\" srcset=\"https:\/\/www.sonnenklar.tv\/blog\/wp-content\/uploads\/2026\/04\/fly-and-help-show-2026-kochen-450x300.jpg 450w, https:\/\/www.sonnenklar.tv\/blog\/wp-content\/uploads\/2026\/04\/fly-and-help-show-2026-kochen-800x533.jpg 800w, https:\/\/www.sonnenklar.tv\/blog\/wp-content\/uploads\/2026\/04\/fly-and-help-show-2026-kochen-1160x773.jpg 1160w, https:\/\/www.sonnenklar.tv\/blog\/wp-content\/uploads\/2026\/04\/fly-and-help-show-2026-kochen-768x512.jpg 768w, https:\/\/www.sonnenklar.tv\/blog\/wp-content\/uploads\/2026\/04\/fly-and-help-show-2026-kochen.jpg 1200w\" \/><\/a>\t\t\t\n\t\t\t\n\t\t\t\n\t\t\t\n\t\t\n\t\t<\/div>\n\t\n\n\t\n\t\t<div class=\"content\">\n\n\t\t\t<div class=\"post-meta post-meta-a has-below\"><h3 class=\"is-title post-title limit-lines l-lines-3\"><a href=\"https:\/\/www.sonnenklar.tv\/blog\/insides\/sonnenklar-tv-events\/fly-and-help-fruehlingsshow-2026-rueckblick\/\">So war die Fly &amp; Help Fr\u00fchlingsshow am 27. M\u00e4rz 2026<\/a><\/h3><div class=\"post-meta-items meta-below\"><span class=\"meta-item post-author\"><a href=\"https:\/\/www.sonnenklar.tv\/blog\/author\/martin-adam\/\" title=\"Beitr\u00e4ge von Martin Adam\" rel=\"author\">Martin Adam<\/a><\/span><span class=\"meta-item date\"><span class=\"date-link\"><time class=\"post-date\" datetime=\"2026-04-07T13:30:13+02:00\">7. April 2026<\/time><\/span><\/span><\/div><\/div>\t\t\t\n\t\t\t\n\t\t\t\n\t\t<\/div>\n\n\t\n<\/article>\t\t\t\t\t\n<article class=\"l-post grid-post grid-stylish-post\">\n\n\t\n\t\t\t<div class=\"media\">\n\n\t\t\n\t\t\t<a href=\"https:\/\/www.sonnenklar.tv\/blog\/insides\/interviews\/chere-alice-zimmermann-interview-25-jahre-sonnenklar\/\" class=\"image-link media-ratio ar-bunyad-grid\" title=\"\u201eIch liebe es, Zuschauern die sch\u00f6nsten Zeiten des Jahres zu vers\u00fc\u00dfen\u201c &#8211; Cher\u00e9 Alice Zimmermann im Interview\"><img loading=\"lazy\" decoding=\"async\" width=\"383\" height=\"216\" src=\"https:\/\/www.sonnenklar.tv\/blog\/wp-content\/uploads\/2026\/03\/chere-alice-zimmermann-moderiert-450x294.jpg\" class=\"attachment-bunyad-medium size-bunyad-medium wp-post-image\" alt=\"Chere Alice Zimmermann von sonnenklar.TV moderite und gestikuliert\" sizes=\"(max-width: 383px) 100vw, 383px\" title=\"\u201eIch liebe es, Zuschauern die sch\u00f6nsten Zeiten des Jahres zu vers\u00fc\u00dfen\u201c &#8211; Cher\u00e9 Alice Zimmermann im Interview\" srcset=\"https:\/\/www.sonnenklar.tv\/blog\/wp-content\/uploads\/2026\/03\/chere-alice-zimmermann-moderiert-450x294.jpg 450w, https:\/\/www.sonnenklar.tv\/blog\/wp-content\/uploads\/2026\/03\/chere-alice-zimmermann-moderiert-800x522.jpg 800w, https:\/\/www.sonnenklar.tv\/blog\/wp-content\/uploads\/2026\/03\/chere-alice-zimmermann-moderiert-1160x757.jpg 1160w, https:\/\/www.sonnenklar.tv\/blog\/wp-content\/uploads\/2026\/03\/chere-alice-zimmermann-moderiert-768x501.jpg 768w, https:\/\/www.sonnenklar.tv\/blog\/wp-content\/uploads\/2026\/03\/chere-alice-zimmermann-moderiert.jpg 1200w\" \/><\/a>\t\t\t\n\t\t\t\n\t\t\t\n\t\t\t\n\t\t\n\t\t<\/div>\n\t\n\n\t\n\t\t<div class=\"content\">\n\n\t\t\t<div class=\"post-meta post-meta-a has-below\"><h3 class=\"is-title post-title limit-lines l-lines-3\"><a href=\"https:\/\/www.sonnenklar.tv\/blog\/insides\/interviews\/chere-alice-zimmermann-interview-25-jahre-sonnenklar\/\">\u201eIch liebe es, Zuschauern die sch\u00f6nsten Zeiten des Jahres zu vers\u00fc\u00dfen\u201c &#8211; Cher\u00e9 Alice Zimmermann im Interview<\/a><\/h3><div class=\"post-meta-items meta-below\"><span class=\"meta-item post-author\"><a href=\"https:\/\/www.sonnenklar.tv\/blog\/author\/steffen-wulf\/\" title=\"Beitr\u00e4ge von Steffen Wulf\" rel=\"author\">Steffen Wulf<\/a><\/span><span class=\"meta-item date\"><span class=\"date-link\"><time class=\"post-date\" datetime=\"2026-04-01T07:00:00+02:00\">1. April 2026<\/time><\/span><\/span><\/div><\/div>\t\t\t\n\t\t\t\n\t\t\t\n\t\t<\/div>\n\n\t\n<\/article>\t\t\t\t\t\n<article class=\"l-post grid-post grid-stylish-post\">\n\n\t\n\t\t\t<div class=\"media\">\n\n\t\t\n\t\t\t<a href=\"https:\/\/www.sonnenklar.tv\/blog\/insides\/itb-2026-sonnenklar-tv\/\" class=\"image-link media-ratio ar-bunyad-grid\" title=\"R\u00fcckblick auf die ITB 2026: So war die Messe in Berlin f\u00fcr sonnenklar.TV\"><img loading=\"lazy\" decoding=\"async\" width=\"383\" height=\"216\" src=\"https:\/\/www.sonnenklar.tv\/blog\/wp-content\/uploads\/2026\/03\/sarah-bjoern-mel-itb-2026-450x300.jpg\" class=\"attachment-bunyad-medium size-bunyad-medium wp-post-image\" alt=\"sonnenklar.TV-Moderatoren Sarah, Bj\u00f6rn und Melanie auf der ITB 2026\" sizes=\"(max-width: 383px) 100vw, 383px\" title=\"R\u00fcckblick auf die ITB 2026: So war die Messe in Berlin f\u00fcr sonnenklar.TV\" srcset=\"https:\/\/www.sonnenklar.tv\/blog\/wp-content\/uploads\/2026\/03\/sarah-bjoern-mel-itb-2026-450x300.jpg 450w, https:\/\/www.sonnenklar.tv\/blog\/wp-content\/uploads\/2026\/03\/sarah-bjoern-mel-itb-2026-800x533.jpg 800w, https:\/\/www.sonnenklar.tv\/blog\/wp-content\/uploads\/2026\/03\/sarah-bjoern-mel-itb-2026-1160x772.jpg 1160w, https:\/\/www.sonnenklar.tv\/blog\/wp-content\/uploads\/2026\/03\/sarah-bjoern-mel-itb-2026-768x511.jpg 768w, https:\/\/www.sonnenklar.tv\/blog\/wp-content\/uploads\/2026\/03\/sarah-bjoern-mel-itb-2026.jpg 1200w\" \/><\/a>\t\t\t\n\t\t\t\n\t\t\t\n\t\t\t\n\t\t\n\t\t<\/div>\n\t\n\n\t\n\t\t<div class=\"content\">\n\n\t\t\t<div class=\"post-meta post-meta-a has-below\"><h3 class=\"is-title post-title limit-lines l-lines-3\"><a href=\"https:\/\/www.sonnenklar.tv\/blog\/insides\/itb-2026-sonnenklar-tv\/\">R\u00fcckblick auf die ITB 2026: So war die Messe in Berlin f\u00fcr sonnenklar.TV<\/a><\/h3><div class=\"post-meta-items meta-below\"><span class=\"meta-item post-author\"><a href=\"https:\/\/www.sonnenklar.tv\/blog\/author\/ulrike-spiewak\/\" title=\"Beitr\u00e4ge von Ulrike Spiewak\" rel=\"author\">Ulrike Spiewak<\/a><\/span><span class=\"meta-item date\"><span class=\"date-link\"><time class=\"post-date\" datetime=\"2026-03-16T13:52:57+01:00\">16. M\u00e4rz 2026<\/time><\/span><\/span><\/div><\/div>\t\t\t\n\t\t\t\n\t\t\t\n\t\t<\/div>\n\n\t\n<\/article>\t\t\n\t<\/div>\n\n\t\t\n\t\t\t<\/div>\n\n\t\t<\/section>\n\t\t\t\t\t\t<\/div>\n\t\t\t\t<\/div>\n\t\t\t\t\t<\/div>\n\t\t<\/div>\n\t\t\t\t\t<\/div>\n\t\t<\/section>\n\t\t\t\t<section class=\"has-el-gap el-gap-default elementor-section elementor-top-section elementor-element elementor-element-5b8c708 elementor-section-boxed elementor-section-height-default elementor-section-height-default\" data-id=\"5b8c708\" data-element_type=\"section\" data-e-type=\"section\">\n\t\t\t\t\t\t<div class=\"elementor-container elementor-column-gap-no\">\n\t\t\t\t\t<div class=\"elementor-column elementor-col-100 elementor-top-column elementor-element elementor-element-4c95ef1\" data-id=\"4c95ef1\" data-element_type=\"column\" data-e-type=\"column\">\n\t\t\t<div class=\"elementor-widget-wrap elementor-element-populated\">\n\t\t\t\t\t\t<div class=\"elementor-element elementor-element-59f0d70 elementor-widget-divider--view-line elementor-widget elementor-widget-divider\" data-id=\"59f0d70\" data-element_type=\"widget\" data-e-type=\"widget\" data-widget_type=\"divider.default\">\n\t\t\t\t\t\t\t<div class=\"elementor-divider\">\n\t\t\t<span class=\"elementor-divider-separator\">\n\t\t\t\t\t\t<\/span>\n\t\t<\/div>\n\t\t\t\t\t\t<\/div>\n\t\t\t\t\t<\/div>\n\t\t<\/div>\n\t\t\t\t\t<\/div>\n\t\t<\/section>\n\t\t\t\t<section class=\"has-el-gap el-gap-default elementor-section elementor-top-section elementor-element elementor-element-2473560 elementor-section-boxed elementor-section-height-default elementor-section-height-default\" data-id=\"2473560\" data-element_type=\"section\" data-e-type=\"section\">\n\t\t\t\t\t\t<div class=\"elementor-container elementor-column-gap-no\">\n\t\t\t\t\t<div class=\"elementor-column elementor-col-33 elementor-top-column elementor-element elementor-element-4eb29ee\" data-id=\"4eb29ee\" data-element_type=\"column\" data-e-type=\"column\">\n\t\t\t<div class=\"elementor-widget-wrap elementor-element-populated\">\n\t\t\t\t\t\t<div class=\"elementor-element elementor-element-5fe78d0 elementor-widget elementor-widget-smartmag-postssmall\" data-id=\"5fe78d0\" data-element_type=\"widget\" data-e-type=\"widget\" data-widget_type=\"smartmag-postssmall.default\">\n\t\t\t\t<div class=\"elementor-widget-container\">\n\t\t\t\t\t\t\t<section class=\"block-wrap block-posts-small block-sc\" data-id=\"14\">\n\n\t\t\t\t\t\t\t\t\n\t\t\t\t\t\t\t\n\t\t\t\t<div class=\"block-head block-head-ac block-head-e block-head-e1 is-left\">\n\n\t\t\t\t\t<h2 class=\"heading\">Badeurlaub<\/h2>\t\t\t\t\t\n\t\t\t\t\t\t\t\t\t<\/div>\n\t\t\t\t\n\t\t\t\n\t\t\t\n\t\t\t<div class=\"block-content\">\n\t\t\t\t\n\t<div class=\"loop loop-small loop-small- loop-sep loop-small-sep grid grid-1 md:grid-1 sm:grid-1 xs:grid-1\">\n\n\t\t\t\t\t\n<article class=\"l-post small-post m-pos-left\">\n\n\t\n\t\t\t<div class=\"media\">\n\n\t\t\n\t\t\t<a href=\"https:\/\/www.sonnenklar.tv\/blog\/reisetipps\/straende\/schoenste-straende-sylt\/\" class=\"image-link media-ratio ratio-1-1\" title=\"Sch\u00f6nste Str\u00e4nde auf Sylt: Unsere Empfehlungen zum Baden, Entspannen und Aktivurlaub\"><img loading=\"lazy\" decoding=\"async\" width=\"112\" height=\"112\" src=\"https:\/\/www.sonnenklar.tv\/blog\/wp-content\/uploads\/2026\/04\/strand-sylt-strandkoerbe-800x533.jpg\" class=\"attachment-medium size-medium wp-post-image\" alt=\"Strand auf Sylt mit Strandk\u00f6rben\" sizes=\"(max-width: 112px) 100vw, 112px\" title=\"Sch\u00f6nste Str\u00e4nde auf Sylt: Unsere Empfehlungen zum Baden, Entspannen und Aktivurlaub\" srcset=\"https:\/\/www.sonnenklar.tv\/blog\/wp-content\/uploads\/2026\/04\/strand-sylt-strandkoerbe-800x533.jpg 800w, https:\/\/www.sonnenklar.tv\/blog\/wp-content\/uploads\/2026\/04\/strand-sylt-strandkoerbe-1160x773.jpg 1160w, https:\/\/www.sonnenklar.tv\/blog\/wp-content\/uploads\/2026\/04\/strand-sylt-strandkoerbe-150x100.jpg 150w, https:\/\/www.sonnenklar.tv\/blog\/wp-content\/uploads\/2026\/04\/strand-sylt-strandkoerbe-450x300.jpg 450w, https:\/\/www.sonnenklar.tv\/blog\/wp-content\/uploads\/2026\/04\/strand-sylt-strandkoerbe-768x512.jpg 768w, https:\/\/www.sonnenklar.tv\/blog\/wp-content\/uploads\/2026\/04\/strand-sylt-strandkoerbe.jpg 1200w\" \/><\/a>\t\t\t\n\t\t\t\n\t\t\t\n\t\t\t\n\t\t\n\t\t<\/div>\n\t\n\n\t\n\t\t<div class=\"content\">\n\n\t\t\t<div class=\"post-meta post-meta-a post-meta-left\"><h3 class=\"is-title post-title\"><a href=\"https:\/\/www.sonnenklar.tv\/blog\/reisetipps\/straende\/schoenste-straende-sylt\/\">Sch\u00f6nste Str\u00e4nde auf Sylt: Unsere Empfehlungen zum Baden, Entspannen und Aktivurlaub<\/a><\/h3><\/div>\t\t\t\n\t\t\t\n\t\t\t\n\t\t<\/div>\n\n\t\n<\/article>\t\n\t\t\t\t\t\n<article class=\"l-post small-post m-pos-left\">\n\n\t\n\t\t\t<div class=\"media\">\n\n\t\t\n\t\t\t<a href=\"https:\/\/www.sonnenklar.tv\/blog\/reisetipps\/kolumbien-sehenswuerdigkeiten\/\" class=\"image-link media-ratio ratio-1-1\" title=\"Kolumbiens Sehensw\u00fcrdigkeiten: sch\u00f6nste St\u00e4dte, Str\u00e4nde und Naturparadiese\"><img loading=\"lazy\" decoding=\"async\" width=\"112\" height=\"112\" src=\"https:\/\/www.sonnenklar.tv\/blog\/wp-content\/uploads\/2025\/02\/Primada-Kathedrale-Bogota_GettyImages-1481954206-800x403.jpg\" class=\"attachment-medium size-medium wp-post-image\" alt=\"Primada Kathedrale in Bogota mit kolumbianischer Flagge im Vordergrund\" sizes=\"(max-width: 112px) 100vw, 112px\" title=\"Kolumbiens Sehensw\u00fcrdigkeiten: sch\u00f6nste St\u00e4dte, Str\u00e4nde und Naturparadiese\" srcset=\"https:\/\/www.sonnenklar.tv\/blog\/wp-content\/uploads\/2025\/02\/Primada-Kathedrale-Bogota_GettyImages-1481954206-800x403.jpg 800w, https:\/\/www.sonnenklar.tv\/blog\/wp-content\/uploads\/2025\/02\/Primada-Kathedrale-Bogota_GettyImages-1481954206-450x227.jpg 450w, https:\/\/www.sonnenklar.tv\/blog\/wp-content\/uploads\/2025\/02\/Primada-Kathedrale-Bogota_GettyImages-1481954206-768x387.jpg 768w, https:\/\/www.sonnenklar.tv\/blog\/wp-content\/uploads\/2025\/02\/Primada-Kathedrale-Bogota_GettyImages-1481954206-320x161.jpg 320w, https:\/\/www.sonnenklar.tv\/blog\/wp-content\/uploads\/2025\/02\/Primada-Kathedrale-Bogota_GettyImages-1481954206-560x282.jpg 560w, https:\/\/www.sonnenklar.tv\/blog\/wp-content\/uploads\/2025\/02\/Primada-Kathedrale-Bogota_GettyImages-1481954206.jpg 880w\" \/><\/a>\t\t\t\n\t\t\t\n\t\t\t\n\t\t\t\n\t\t\n\t\t<\/div>\n\t\n\n\t\n\t\t<div class=\"content\">\n\n\t\t\t<div class=\"post-meta post-meta-a post-meta-left\"><h3 class=\"is-title post-title\"><a href=\"https:\/\/www.sonnenklar.tv\/blog\/reisetipps\/kolumbien-sehenswuerdigkeiten\/\">Kolumbiens Sehensw\u00fcrdigkeiten: sch\u00f6nste St\u00e4dte, Str\u00e4nde und Naturparadiese<\/a><\/h3><\/div>\t\t\t\n\t\t\t\n\t\t\t\n\t\t<\/div>\n\n\t\n<\/article>\t\n\t\t\t\t\t\n<article class=\"l-post small-post m-pos-left\">\n\n\t\n\t\t\t<div class=\"media\">\n\n\t\t\n\t\t\t<a href=\"https:\/\/www.sonnenklar.tv\/blog\/reisetipps\/warme-reiseziele-april\/\" class=\"image-link media-ratio ratio-1-1\" title=\"Wo ist es im April warm? Top 5 Reisetipps im Fr\u00fchjahr\"><img loading=\"lazy\" decoding=\"async\" width=\"112\" height=\"112\" src=\"https:\/\/www.sonnenklar.tv\/blog\/wp-content\/uploads\/2024\/08\/tropisches-strand-resort-536048545-800x409.jpg\" class=\"attachment-medium size-medium wp-post-image\" alt=\"Tropisches Strandresort mit Pool und Palmen auf Mauritius\" sizes=\"(max-width: 112px) 100vw, 112px\" title=\"Wo ist es im April warm? Top 5 Reisetipps im Fr\u00fchjahr\" srcset=\"https:\/\/www.sonnenklar.tv\/blog\/wp-content\/uploads\/2024\/08\/tropisches-strand-resort-536048545-800x409.jpg 800w, https:\/\/www.sonnenklar.tv\/blog\/wp-content\/uploads\/2024\/08\/tropisches-strand-resort-536048545-450x230.jpg 450w, https:\/\/www.sonnenklar.tv\/blog\/wp-content\/uploads\/2024\/08\/tropisches-strand-resort-536048545-768x393.jpg 768w, https:\/\/www.sonnenklar.tv\/blog\/wp-content\/uploads\/2024\/08\/tropisches-strand-resort-536048545-320x164.jpg 320w, https:\/\/www.sonnenklar.tv\/blog\/wp-content\/uploads\/2024\/08\/tropisches-strand-resort-536048545-560x287.jpg 560w, https:\/\/www.sonnenklar.tv\/blog\/wp-content\/uploads\/2024\/08\/tropisches-strand-resort-536048545.jpg 1024w\" \/><\/a>\t\t\t\n\t\t\t\n\t\t\t\n\t\t\t\n\t\t\n\t\t<\/div>\n\t\n\n\t\n\t\t<div class=\"content\">\n\n\t\t\t<div class=\"post-meta post-meta-a post-meta-left\"><h3 class=\"is-title post-title\"><a href=\"https:\/\/www.sonnenklar.tv\/blog\/reisetipps\/warme-reiseziele-april\/\">Wo ist es im April warm? Top 5 Reisetipps im Fr\u00fchjahr<\/a><\/h3><\/div>\t\t\t\n\t\t\t\n\t\t\t\n\t\t<\/div>\n\n\t\n<\/article>\t\n\t\t\t\t\t\n<article class=\"l-post small-post m-pos-left\">\n\n\t\n\t\t\t<div class=\"media\">\n\n\t\t\n\t\t\t<a href=\"https:\/\/www.sonnenklar.tv\/blog\/reisetipps\/straende\/phuket-straende\/\" class=\"image-link media-ratio ratio-1-1\" title=\"Die Top 10 der sch\u00f6nsten Str\u00e4nde auf Phuket\"><img loading=\"lazy\" decoding=\"async\" width=\"112\" height=\"112\" src=\"https:\/\/www.sonnenklar.tv\/blog\/wp-content\/uploads\/2024\/12\/GettyImages-494540809-Kamala-Beach_2244863-1-800x411.jpg\" class=\"attachment-medium size-medium wp-post-image\" alt=\"Der Kamala Beach auf Phuket\" sizes=\"(max-width: 112px) 100vw, 112px\" title=\"Die Top 10 der sch\u00f6nsten Str\u00e4nde auf Phuket\" srcset=\"https:\/\/www.sonnenklar.tv\/blog\/wp-content\/uploads\/2024\/12\/GettyImages-494540809-Kamala-Beach_2244863-1-800x411.jpg 800w, https:\/\/www.sonnenklar.tv\/blog\/wp-content\/uploads\/2024\/12\/GettyImages-494540809-Kamala-Beach_2244863-1-450x231.jpg 450w, https:\/\/www.sonnenklar.tv\/blog\/wp-content\/uploads\/2024\/12\/GettyImages-494540809-Kamala-Beach_2244863-1-768x394.jpg 768w, https:\/\/www.sonnenklar.tv\/blog\/wp-content\/uploads\/2024\/12\/GettyImages-494540809-Kamala-Beach_2244863-1-320x164.jpg 320w, https:\/\/www.sonnenklar.tv\/blog\/wp-content\/uploads\/2024\/12\/GettyImages-494540809-Kamala-Beach_2244863-1-560x288.jpg 560w, https:\/\/www.sonnenklar.tv\/blog\/wp-content\/uploads\/2024\/12\/GettyImages-494540809-Kamala-Beach_2244863-1.jpg 880w\" \/><\/a>\t\t\t\n\t\t\t\n\t\t\t\n\t\t\t\n\t\t\n\t\t<\/div>\n\t\n\n\t\n\t\t<div class=\"content\">\n\n\t\t\t<div class=\"post-meta post-meta-a post-meta-left\"><h3 class=\"is-title post-title\"><a href=\"https:\/\/www.sonnenklar.tv\/blog\/reisetipps\/straende\/phuket-straende\/\">Die Top 10 der sch\u00f6nsten Str\u00e4nde auf Phuket<\/a><\/h3><\/div>\t\t\t\n\t\t\t\n\t\t\t\n\t\t<\/div>\n\n\t\n<\/article>\t\n\t\t\t\t\t\n<article class=\"l-post small-post m-pos-left\">\n\n\t\n\t\t\t<div class=\"media\">\n\n\t\t\n\t\t\t<a href=\"https:\/\/www.sonnenklar.tv\/blog\/reisetipps\/sehenswuerdigkeiten\/mauritius-sehenswuerdigkeiten\/\" class=\"image-link media-ratio ratio-1-1\" title=\"Mauritius Sehensw\u00fcrdigkeiten: Unsere  6 Highlights der Insel\"><img loading=\"lazy\" decoding=\"async\" width=\"112\" height=\"112\" src=\"https:\/\/www.sonnenklar.tv\/blog\/wp-content\/uploads\/2024\/02\/Norden_GettyImages-671484964-800x409.jpg\" class=\"attachment-medium size-medium wp-post-image\" alt=\"Strand auf Mauritius mit Palmen und klarem Wasser\" sizes=\"(max-width: 112px) 100vw, 112px\" title=\"Mauritius Sehensw\u00fcrdigkeiten: Unsere  6 Highlights der Insel\" srcset=\"https:\/\/www.sonnenklar.tv\/blog\/wp-content\/uploads\/2024\/02\/Norden_GettyImages-671484964-800x409.jpg 800w, https:\/\/www.sonnenklar.tv\/blog\/wp-content\/uploads\/2024\/02\/Norden_GettyImages-671484964-450x230.jpg 450w, https:\/\/www.sonnenklar.tv\/blog\/wp-content\/uploads\/2024\/02\/Norden_GettyImages-671484964-768x393.jpg 768w, https:\/\/www.sonnenklar.tv\/blog\/wp-content\/uploads\/2024\/02\/Norden_GettyImages-671484964-320x164.jpg 320w, https:\/\/www.sonnenklar.tv\/blog\/wp-content\/uploads\/2024\/02\/Norden_GettyImages-671484964-560x286.jpg 560w, https:\/\/www.sonnenklar.tv\/blog\/wp-content\/uploads\/2024\/02\/Norden_GettyImages-671484964.jpg 880w\" \/><\/a>\t\t\t\n\t\t\t\n\t\t\t\n\t\t\t\n\t\t\n\t\t<\/div>\n\t\n\n\t\n\t\t<div class=\"content\">\n\n\t\t\t<div class=\"post-meta post-meta-a post-meta-left\"><h3 class=\"is-title post-title\"><a href=\"https:\/\/www.sonnenklar.tv\/blog\/reisetipps\/sehenswuerdigkeiten\/mauritius-sehenswuerdigkeiten\/\">Mauritius Sehensw\u00fcrdigkeiten: Unsere  6 Highlights der Insel<\/a><\/h3><\/div>\t\t\t\n\t\t\t\n\t\t\t\n\t\t<\/div>\n\n\t\n<\/article>\t\n\t\t\t\t\t\n<article class=\"l-post small-post m-pos-left\">\n\n\t\n\t\t\t<div class=\"media\">\n\n\t\t\n\t\t\t<a href=\"https:\/\/www.sonnenklar.tv\/blog\/reisearten\/badeurlaub\/schoenste-fkk-straende-europa\/\" class=\"image-link media-ratio ratio-1-1\" title=\"Die sch\u00f6nsten FKK Str\u00e4nde in Europa\"><img loading=\"lazy\" decoding=\"async\" width=\"112\" height=\"112\" src=\"https:\/\/www.sonnenklar.tv\/blog\/wp-content\/uploads\/2024\/09\/GettyImages-686587836_Costa-Smeralda_Sardinien_Spanien_2026525-800x411.jpg\" class=\"attachment-medium size-medium wp-post-image\" alt=\"Luftaufnahme des erstaunlichen t\u00fcrkisfarbenen Strandes, Emerald Coast auf Sardinien Insel\" sizes=\"(max-width: 112px) 100vw, 112px\" title=\"Die sch\u00f6nsten FKK Str\u00e4nde in Europa\" srcset=\"https:\/\/www.sonnenklar.tv\/blog\/wp-content\/uploads\/2024\/09\/GettyImages-686587836_Costa-Smeralda_Sardinien_Spanien_2026525-800x411.jpg 800w, https:\/\/www.sonnenklar.tv\/blog\/wp-content\/uploads\/2024\/09\/GettyImages-686587836_Costa-Smeralda_Sardinien_Spanien_2026525-450x231.jpg 450w, https:\/\/www.sonnenklar.tv\/blog\/wp-content\/uploads\/2024\/09\/GettyImages-686587836_Costa-Smeralda_Sardinien_Spanien_2026525-768x394.jpg 768w, https:\/\/www.sonnenklar.tv\/blog\/wp-content\/uploads\/2024\/09\/GettyImages-686587836_Costa-Smeralda_Sardinien_Spanien_2026525-320x164.jpg 320w, https:\/\/www.sonnenklar.tv\/blog\/wp-content\/uploads\/2024\/09\/GettyImages-686587836_Costa-Smeralda_Sardinien_Spanien_2026525-560x288.jpg 560w, https:\/\/www.sonnenklar.tv\/blog\/wp-content\/uploads\/2024\/09\/GettyImages-686587836_Costa-Smeralda_Sardinien_Spanien_2026525.jpg 880w\" \/><\/a>\t\t\t\n\t\t\t\n\t\t\t\n\t\t\t\n\t\t\n\t\t<\/div>\n\t\n\n\t\n\t\t<div class=\"content\">\n\n\t\t\t<div class=\"post-meta post-meta-a post-meta-left\"><h3 class=\"is-title post-title\"><a href=\"https:\/\/www.sonnenklar.tv\/blog\/reisearten\/badeurlaub\/schoenste-fkk-straende-europa\/\">Die sch\u00f6nsten FKK Str\u00e4nde in Europa<\/a><\/h3><\/div>\t\t\t\n\t\t\t\n\t\t\t\n\t\t<\/div>\n\n\t\n<\/article>\t\n\t\t\n\t<\/div>\n\n\t\t\t\t\t<\/div>\n\n\t\t<\/section>\n\t\t\t\t\t\t<\/div>\n\t\t\t\t<\/div>\n\t\t\t\t\t<\/div>\n\t\t<\/div>\n\t\t\t\t<div class=\"elementor-column elementor-col-33 elementor-top-column elementor-element elementor-element-7f67f12\" data-id=\"7f67f12\" data-element_type=\"column\" data-e-type=\"column\">\n\t\t\t<div class=\"elementor-widget-wrap elementor-element-populated\">\n\t\t\t\t\t\t<div class=\"elementor-element elementor-element-7ea9892 elementor-widget elementor-widget-smartmag-large\" data-id=\"7ea9892\" data-element_type=\"widget\" data-e-type=\"widget\" data-widget_type=\"smartmag-large.default\">\n\t\t\t\t<div class=\"elementor-widget-container\">\n\t\t\t\t\t\t\t<section class=\"block-wrap block-large block-sc\" data-id=\"15\">\n\n\t\t\t\t\t\t\t\t\n\t\t\t\t\t\t\t\n\t\t\t\t<div class=\"block-head block-head-ac block-head-e block-head-e1 is-left\">\n\n\t\t\t\t\t<h2 class=\"heading\">Kreuzfahrten<\/h2>\t\t\t\t\t\n\t\t\t\t\t\t\t\t\t<\/div>\n\t\t\t\t\n\t\t\t\n\t\t\t\n\t\t\t<div class=\"block-content\">\n\t\t\t\t\t\n\t<div class=\"loop loop-grid loop-grid-sm grid grid-1 md:grid-1 xs:grid-1\">\n\n\t\t\t\t\t\n<article class=\"l-post grid-post grid-sm-post\">\n\n\t\n\t\t\t<div class=\"media\">\n\n\t\t\n\t\t\t<a href=\"https:\/\/www.sonnenklar.tv\/blog\/reisearten\/kreuzfahrten\/karibik-kreuzfahrt-tipps\/\" class=\"image-link media-ratio ar-bunyad-main\" title=\"Unsere Karibik Kreuzfahrt Tipps: So wird die Schiffsreise unvergesslich\"><img loading=\"lazy\" decoding=\"async\" width=\"801\" height=\"524\" src=\"https:\/\/www.sonnenklar.tv\/blog\/wp-content\/uploads\/2024\/01\/2150669_karibik-kreuzfahrtschiff.jpg\" class=\"attachment-large size-large wp-post-image\" alt=\"Kreuzfahrt durch die Karibik\" sizes=\"(max-width: 801px) 100vw, 801px\" title=\"Unsere Karibik Kreuzfahrt Tipps: So wird die Schiffsreise unvergesslich\" \/><\/a>\t\t\t\n\t\t\t\n\t\t\t\n\t\t\t\n\t\t\n\t\t<\/div>\n\t\n\n\t\n\t\t<div class=\"content\">\n\n\t\t\t<div class=\"post-meta post-meta-a\"><h3 class=\"is-title post-title limit-lines l-lines-2\"><a href=\"https:\/\/www.sonnenklar.tv\/blog\/reisearten\/kreuzfahrten\/karibik-kreuzfahrt-tipps\/\">Unsere Karibik Kreuzfahrt Tipps: So wird die Schiffsreise unvergesslich<\/a><\/h3><\/div>\t\t\t\n\t\t\t\n\t\t\t\n\t\t<\/div>\n\n\t\n<\/article>\t\t\t\t\t\n<article class=\"l-post grid-post grid-sm-post\">\n\n\t\n\t\t\t<div class=\"media\">\n\n\t\t\n\t\t\t<a href=\"https:\/\/www.sonnenklar.tv\/blog\/reisearten\/kreuzfahrten\/schoenste-kreuzfahrtrouten\/\" class=\"image-link media-ratio ar-bunyad-main\" title=\"Eine Seefahrt, die ist sch\u00f6n \u2013 die 10 sch\u00f6nsten Kreuzfahrtrouten der Welt\"><img loading=\"lazy\" decoding=\"async\" width=\"801\" height=\"524\" src=\"https:\/\/www.sonnenklar.tv\/blog\/wp-content\/uploads\/2024\/01\/2982715-kreuzfahrt.jpg\" class=\"attachment-large size-large wp-post-image\" alt=\"\" sizes=\"(max-width: 801px) 100vw, 801px\" title=\"Eine Seefahrt, die ist sch\u00f6n \u2013 die 10 sch\u00f6nsten Kreuzfahrtrouten der Welt\" \/><\/a>\t\t\t\n\t\t\t\n\t\t\t\n\t\t\t\n\t\t\n\t\t<\/div>\n\t\n\n\t\n\t\t<div class=\"content\">\n\n\t\t\t<div class=\"post-meta post-meta-a\"><h3 class=\"is-title post-title limit-lines l-lines-2\"><a href=\"https:\/\/www.sonnenklar.tv\/blog\/reisearten\/kreuzfahrten\/schoenste-kreuzfahrtrouten\/\">Eine Seefahrt, die ist sch\u00f6n \u2013 die 10 sch\u00f6nsten Kreuzfahrtrouten der Welt<\/a><\/h3><\/div>\t\t\t\n\t\t\t\n\t\t\t\n\t\t<\/div>\n\n\t\n<\/article>\t\t\n\t<\/div>\n\n\t\t\n\t\t\t<\/div>\n\n\t\t<\/section>\n\t\t\t\t\t\t<\/div>\n\t\t\t\t<\/div>\n\t\t\t\t\t<\/div>\n\t\t<\/div>\n\t\t\t\t<div class=\"elementor-column elementor-col-33 elementor-top-column elementor-element elementor-element-7400edc\" data-id=\"7400edc\" data-element_type=\"column\" data-e-type=\"column\">\n\t\t\t<div class=\"elementor-widget-wrap elementor-element-populated\">\n\t\t\t\t\t\t<div class=\"elementor-element elementor-element-efbfdf7 elementor-widget elementor-widget-smartmag-postssmall\" data-id=\"efbfdf7\" data-element_type=\"widget\" data-e-type=\"widget\" data-widget_type=\"smartmag-postssmall.default\">\n\t\t\t\t<div class=\"elementor-widget-container\">\n\t\t\t\t\t\t\t<section class=\"block-wrap block-posts-small block-sc\" data-id=\"16\">\n\n\t\t\t\t\t\t\t\t\n\t\t\t\t\t\t\t\n\t\t\t\t<div class=\"block-head block-head-ac block-head-e block-head-e1 is-left\">\n\n\t\t\t\t\t<h3 class=\"heading\">St\u00e4dtereisen<\/h3>\t\t\t\t\t\n\t\t\t\t\t\t\t\t\t<\/div>\n\t\t\t\t\n\t\t\t\n\t\t\t\n\t\t\t<div class=\"block-content\">\n\t\t\t\t\n\t<div class=\"loop loop-small loop-small- loop-sep loop-small-sep grid grid-1 md:grid-1 sm:grid-1 xs:grid-1\">\n\n\t\t\t\t\t\n<article class=\"l-post small-post m-pos-right\">\n\n\t\n\t\t\t<div class=\"media\">\n\n\t\t\n\t\t\t<a href=\"https:\/\/www.sonnenklar.tv\/blog\/reiseberichte\/neapel-in-3-tagen-meine-5-tipps\/\" class=\"image-link media-ratio ratio-1-1\" title=\"Neapel in 3 Tagen: meine 5 Tipps f\u00fcr ein unvergessliches Wochenende\"><img loading=\"lazy\" decoding=\"async\" width=\"112\" height=\"112\" src=\"https:\/\/www.sonnenklar.tv\/blog\/wp-content\/uploads\/2026\/04\/neapel-skyline-versuv-800x533.jpg\" class=\"attachment-medium size-medium wp-post-image\" alt=\"Blick auf Neapel und den Vesuv\" sizes=\"(max-width: 112px) 100vw, 112px\" title=\"Neapel in 3 Tagen: meine 5 Tipps f\u00fcr ein unvergessliches Wochenende\" srcset=\"https:\/\/www.sonnenklar.tv\/blog\/wp-content\/uploads\/2026\/04\/neapel-skyline-versuv-800x533.jpg 800w, https:\/\/www.sonnenklar.tv\/blog\/wp-content\/uploads\/2026\/04\/neapel-skyline-versuv-1160x773.jpg 1160w, https:\/\/www.sonnenklar.tv\/blog\/wp-content\/uploads\/2026\/04\/neapel-skyline-versuv-150x100.jpg 150w, https:\/\/www.sonnenklar.tv\/blog\/wp-content\/uploads\/2026\/04\/neapel-skyline-versuv-450x300.jpg 450w, https:\/\/www.sonnenklar.tv\/blog\/wp-content\/uploads\/2026\/04\/neapel-skyline-versuv-768x512.jpg 768w, https:\/\/www.sonnenklar.tv\/blog\/wp-content\/uploads\/2026\/04\/neapel-skyline-versuv.jpg 1200w\" \/><\/a>\t\t\t\n\t\t\t\n\t\t\t\n\t\t\t\n\t\t\n\t\t<\/div>\n\t\n\n\t\n\t\t<div class=\"content\">\n\n\t\t\t<div class=\"post-meta post-meta-a post-meta-left\"><h2 class=\"is-title post-title\"><a href=\"https:\/\/www.sonnenklar.tv\/blog\/reiseberichte\/neapel-in-3-tagen-meine-5-tipps\/\">Neapel in 3 Tagen: meine 5 Tipps f\u00fcr ein unvergessliches Wochenende<\/a><\/h2><\/div>\t\t\t\n\t\t\t\n\t\t\t\n\t\t<\/div>\n\n\t\n<\/article>\t\n\t\t\t\t\t\n<article class=\"l-post small-post m-pos-right\">\n\n\t\n\t\t\t<div class=\"media\">\n\n\t\t\n\t\t\t<a href=\"https:\/\/www.sonnenklar.tv\/blog\/reisetipps\/sehenswuerdigkeiten\/budapest-sehenswuerdigkeiten\/\" class=\"image-link media-ratio ratio-1-1\" title=\"Top 10 Budapest Sehensw\u00fcrdigkeiten \u2013 Auf Entdeckungstour durch die Donau-Metropole\"><img loading=\"lazy\" decoding=\"async\" width=\"112\" height=\"112\" src=\"https:\/\/www.sonnenklar.tv\/blog\/wp-content\/uploads\/2026\/04\/budapest-stadtblick-800x533.jpg\" class=\"attachment-medium size-medium wp-post-image\" alt=\"Budapest Stadtblick auf Donau und Parlamentsgeb\u00e4ude im Sonnenschein\" sizes=\"(max-width: 112px) 100vw, 112px\" title=\"Top 10 Budapest Sehensw\u00fcrdigkeiten \u2013 Auf Entdeckungstour durch die Donau-Metropole\" srcset=\"https:\/\/www.sonnenklar.tv\/blog\/wp-content\/uploads\/2026\/04\/budapest-stadtblick-800x533.jpg 800w, https:\/\/www.sonnenklar.tv\/blog\/wp-content\/uploads\/2026\/04\/budapest-stadtblick-1160x773.jpg 1160w, https:\/\/www.sonnenklar.tv\/blog\/wp-content\/uploads\/2026\/04\/budapest-stadtblick-150x100.jpg 150w, https:\/\/www.sonnenklar.tv\/blog\/wp-content\/uploads\/2026\/04\/budapest-stadtblick-450x300.jpg 450w, https:\/\/www.sonnenklar.tv\/blog\/wp-content\/uploads\/2026\/04\/budapest-stadtblick-768x512.jpg 768w, https:\/\/www.sonnenklar.tv\/blog\/wp-content\/uploads\/2026\/04\/budapest-stadtblick.jpg 1200w\" \/><\/a>\t\t\t\n\t\t\t\n\t\t\t\n\t\t\t\n\t\t\n\t\t<\/div>\n\t\n\n\t\n\t\t<div class=\"content\">\n\n\t\t\t<div class=\"post-meta post-meta-a post-meta-left\"><h2 class=\"is-title post-title\"><a href=\"https:\/\/www.sonnenklar.tv\/blog\/reisetipps\/sehenswuerdigkeiten\/budapest-sehenswuerdigkeiten\/\">Top 10 Budapest Sehensw\u00fcrdigkeiten \u2013 Auf Entdeckungstour durch die Donau-Metropole<\/a><\/h2><\/div>\t\t\t\n\t\t\t\n\t\t\t\n\t\t<\/div>\n\n\t\n<\/article>\t\n\t\t\t\t\t\n<article class=\"l-post small-post m-pos-right\">\n\n\t\n\t\t\t<div class=\"media\">\n\n\t\t\n\t\t\t<a href=\"https:\/\/www.sonnenklar.tv\/blog\/insides\/hinter-den-kulissen\/sonnenklar-beim-karneval-koeln\/\" class=\"image-link media-ratio ratio-1-1\" title=\"sonnenklar.TV in K\u00f6ln: Kost\u00fcme, Karneval \u2013 und 160 bestens gelaunte Jecken\"><img loading=\"lazy\" decoding=\"async\" width=\"112\" height=\"112\" src=\"https:\/\/www.sonnenklar.tv\/blog\/wp-content\/uploads\/2026\/02\/sonnenklar-team-kostueme-karneval-800x582.jpg\" class=\"attachment-medium size-medium wp-post-image\" alt=\"Vier sonnenklar.TV-Mitarbeiterinnen im Flamingo-Kost\u00fcm beim K\u00f6lner Karneval 2026\" sizes=\"(max-width: 112px) 100vw, 112px\" title=\"sonnenklar.TV in K\u00f6ln: Kost\u00fcme, Karneval \u2013 und 160 bestens gelaunte Jecken\" srcset=\"https:\/\/www.sonnenklar.tv\/blog\/wp-content\/uploads\/2026\/02\/sonnenklar-team-kostueme-karneval-800x582.jpg 800w, https:\/\/www.sonnenklar.tv\/blog\/wp-content\/uploads\/2026\/02\/sonnenklar-team-kostueme-karneval-150x109.jpg 150w, https:\/\/www.sonnenklar.tv\/blog\/wp-content\/uploads\/2026\/02\/sonnenklar-team-kostueme-karneval-450x327.jpg 450w, https:\/\/www.sonnenklar.tv\/blog\/wp-content\/uploads\/2026\/02\/sonnenklar-team-kostueme-karneval-768x559.jpg 768w, https:\/\/www.sonnenklar.tv\/blog\/wp-content\/uploads\/2026\/02\/sonnenklar-team-kostueme-karneval.jpg 1100w\" \/><\/a>\t\t\t\n\t\t\t\n\t\t\t\n\t\t\t\n\t\t\n\t\t<\/div>\n\t\n\n\t\n\t\t<div class=\"content\">\n\n\t\t\t<div class=\"post-meta post-meta-a post-meta-left\"><h2 class=\"is-title post-title\"><a href=\"https:\/\/www.sonnenklar.tv\/blog\/insides\/hinter-den-kulissen\/sonnenklar-beim-karneval-koeln\/\">sonnenklar.TV in K\u00f6ln: Kost\u00fcme, Karneval \u2013 und 160 bestens gelaunte Jecken<\/a><\/h2><\/div>\t\t\t\n\t\t\t\n\t\t\t\n\t\t<\/div>\n\n\t\n<\/article>\t\n\t\t\t\t\t\n<article class=\"l-post small-post m-pos-right\">\n\n\t\n\t\t\t<div class=\"media\">\n\n\t\t\n\t\t\t<a href=\"https:\/\/www.sonnenklar.tv\/blog\/urlaubslaender\/deutschland\/bayreuther-festspiele-2026-highlights-events\/\" class=\"image-link media-ratio ratio-1-1\" title=\"150 Jahre Bayreuther Festspiele: Events und Highlights zum Jubil\u00e4um der Wagner Festspiele\"><img loading=\"lazy\" decoding=\"async\" width=\"112\" height=\"112\" src=\"https:\/\/www.sonnenklar.tv\/blog\/wp-content\/uploads\/2026\/02\/Festspielhaus-Bayreuth-800x533.jpg\" class=\"attachment-medium size-medium wp-post-image\" alt=\"Bayreuther Festspielhaus auf dem gr\u00fcnen H\u00fcgel mit buntem Blumenbeet\" sizes=\"(max-width: 112px) 100vw, 112px\" title=\"150 Jahre Bayreuther Festspiele: Events und Highlights zum Jubil\u00e4um der Wagner Festspiele\" srcset=\"https:\/\/www.sonnenklar.tv\/blog\/wp-content\/uploads\/2026\/02\/Festspielhaus-Bayreuth-800x533.jpg 800w, https:\/\/www.sonnenklar.tv\/blog\/wp-content\/uploads\/2026\/02\/Festspielhaus-Bayreuth-1160x773.jpg 1160w, https:\/\/www.sonnenklar.tv\/blog\/wp-content\/uploads\/2026\/02\/Festspielhaus-Bayreuth-150x100.jpg 150w, https:\/\/www.sonnenklar.tv\/blog\/wp-content\/uploads\/2026\/02\/Festspielhaus-Bayreuth-450x300.jpg 450w, https:\/\/www.sonnenklar.tv\/blog\/wp-content\/uploads\/2026\/02\/Festspielhaus-Bayreuth-768x512.jpg 768w, https:\/\/www.sonnenklar.tv\/blog\/wp-content\/uploads\/2026\/02\/Festspielhaus-Bayreuth.jpg 1200w\" \/><\/a>\t\t\t\n\t\t\t\n\t\t\t\n\t\t\t\n\t\t\n\t\t<\/div>\n\t\n\n\t\n\t\t<div class=\"content\">\n\n\t\t\t<div class=\"post-meta post-meta-a post-meta-left\"><h2 class=\"is-title post-title\"><a href=\"https:\/\/www.sonnenklar.tv\/blog\/urlaubslaender\/deutschland\/bayreuther-festspiele-2026-highlights-events\/\">150 Jahre Bayreuther Festspiele: Events und Highlights zum Jubil\u00e4um der Wagner Festspiele<\/a><\/h2><\/div>\t\t\t\n\t\t\t\n\t\t\t\n\t\t<\/div>\n\n\t\n<\/article>\t\n\t\t\t\t\t\n<article class=\"l-post small-post m-pos-right\">\n\n\t\n\t\t\t<div class=\"media\">\n\n\t\t\n\t\t\t<a href=\"https:\/\/www.sonnenklar.tv\/blog\/reisetipps\/geheimtipps\/top-10-prag-geheimtipps\/\" class=\"image-link media-ratio ratio-1-1\" title=\"Top 10 Prag Geheimtipps &#8211; Die Goldene Stadt fernab der bekanntesten Highlights\"><img loading=\"lazy\" decoding=\"async\" width=\"112\" height=\"112\" src=\"https:\/\/www.sonnenklar.tv\/blog\/wp-content\/uploads\/2026\/01\/Prag-Skyline-800x533.jpg\" class=\"attachment-medium size-medium wp-post-image\" alt=\"Prag Skyline mit Burg\" sizes=\"(max-width: 112px) 100vw, 112px\" title=\"Top 10 Prag Geheimtipps &#8211; Die Goldene Stadt fernab der bekanntesten Highlights\" srcset=\"https:\/\/www.sonnenklar.tv\/blog\/wp-content\/uploads\/2026\/01\/Prag-Skyline-800x533.jpg 800w, https:\/\/www.sonnenklar.tv\/blog\/wp-content\/uploads\/2026\/01\/Prag-Skyline-1160x773.jpg 1160w, https:\/\/www.sonnenklar.tv\/blog\/wp-content\/uploads\/2026\/01\/Prag-Skyline-150x100.jpg 150w, https:\/\/www.sonnenklar.tv\/blog\/wp-content\/uploads\/2026\/01\/Prag-Skyline-450x300.jpg 450w, https:\/\/www.sonnenklar.tv\/blog\/wp-content\/uploads\/2026\/01\/Prag-Skyline-768x512.jpg 768w, https:\/\/www.sonnenklar.tv\/blog\/wp-content\/uploads\/2026\/01\/Prag-Skyline.jpg 1200w\" \/><\/a>\t\t\t\n\t\t\t\n\t\t\t\n\t\t\t\n\t\t\n\t\t<\/div>\n\t\n\n\t\n\t\t<div class=\"content\">\n\n\t\t\t<div class=\"post-meta post-meta-a post-meta-left\"><h2 class=\"is-title post-title\"><a href=\"https:\/\/www.sonnenklar.tv\/blog\/reisetipps\/geheimtipps\/top-10-prag-geheimtipps\/\">Top 10 Prag Geheimtipps &#8211; Die Goldene Stadt fernab der bekanntesten Highlights<\/a><\/h2><\/div>\t\t\t\n\t\t\t\n\t\t\t\n\t\t<\/div>\n\n\t\n<\/article>\t\n\t\t\t\t\t\n<article class=\"l-post small-post m-pos-right\">\n\n\t\n\t\t\t<div class=\"media\">\n\n\t\t\n\t\t\t<a href=\"https:\/\/www.sonnenklar.tv\/blog\/reisetipps\/dubai-fotospots\/\" class=\"image-link media-ratio ratio-1-1\" title=\"Die 8 besten Foto- und Instagram-Spots in Dubai\"><img loading=\"lazy\" decoding=\"async\" width=\"112\" height=\"112\" src=\"https:\/\/www.sonnenklar.tv\/blog\/wp-content\/uploads\/2024\/09\/vae-dubai-burj-khalifa-880x450-1-800x409.jpg\" class=\"attachment-medium size-medium wp-post-image\" alt=\"\" sizes=\"(max-width: 112px) 100vw, 112px\" title=\"Die 8 besten Foto- und Instagram-Spots in Dubai\" srcset=\"https:\/\/www.sonnenklar.tv\/blog\/wp-content\/uploads\/2024\/09\/vae-dubai-burj-khalifa-880x450-1-800x409.jpg 800w, https:\/\/www.sonnenklar.tv\/blog\/wp-content\/uploads\/2024\/09\/vae-dubai-burj-khalifa-880x450-1-450x230.jpg 450w, https:\/\/www.sonnenklar.tv\/blog\/wp-content\/uploads\/2024\/09\/vae-dubai-burj-khalifa-880x450-1-768x393.jpg 768w, https:\/\/www.sonnenklar.tv\/blog\/wp-content\/uploads\/2024\/09\/vae-dubai-burj-khalifa-880x450-1-320x164.jpg 320w, https:\/\/www.sonnenklar.tv\/blog\/wp-content\/uploads\/2024\/09\/vae-dubai-burj-khalifa-880x450-1-560x286.jpg 560w, https:\/\/www.sonnenklar.tv\/blog\/wp-content\/uploads\/2024\/09\/vae-dubai-burj-khalifa-880x450-1.jpg 880w\" \/><\/a>\t\t\t\n\t\t\t\n\t\t\t\n\t\t\t\n\t\t\n\t\t<\/div>\n\t\n\n\t\n\t\t<div class=\"content\">\n\n\t\t\t<div class=\"post-meta post-meta-a post-meta-left\"><h2 class=\"is-title post-title\"><a href=\"https:\/\/www.sonnenklar.tv\/blog\/reisetipps\/dubai-fotospots\/\">Die 8 besten Foto- und Instagram-Spots in Dubai<\/a><\/h2><\/div>\t\t\t\n\t\t\t\n\t\t\t\n\t\t<\/div>\n\n\t\n<\/article>\t\n\t\t\n\t<\/div>\n\n\t\t\t\t\t<\/div>\n\n\t\t<\/section>\n\t\t\t\t\t\t<\/div>\n\t\t\t\t<\/div>\n\t\t\t\t\t<\/div>\n\t\t<\/div>\n\t\t\t\t\t<\/div>\n\t\t<\/section>\n\t\t\t\t<section class=\"has-el-gap el-gap-default elementor-section elementor-top-section elementor-element elementor-element-2b4cb93 elementor-section-boxed elementor-section-height-default elementor-section-height-default\" data-id=\"2b4cb93\" data-element_type=\"section\" data-e-type=\"section\">\n\t\t\t\t\t\t<div class=\"elementor-container elementor-column-gap-no\">\n\t\t\t\t\t<div class=\"elementor-column elementor-col-100 elementor-top-column elementor-element elementor-element-0ecaebe\" data-id=\"0ecaebe\" data-element_type=\"column\" data-e-type=\"column\">\n\t\t\t<div class=\"elementor-widget-wrap elementor-element-populated\">\n\t\t\t\t\t\t<div class=\"elementor-element elementor-element-5886fbb elementor-widget elementor-widget-image\" data-id=\"5886fbb\" data-element_type=\"widget\" data-e-type=\"widget\" data-widget_type=\"image.default\">\n\t\t\t\t\t\t\t\t\t\t\t\t\t\t\t\t<a href=\"https:\/\/www.sonnenklar.tv\/app.html\" target=\"_blank\">\n\t\t\t\t\t\t\t<img loading=\"lazy\" decoding=\"async\" class=\"attachment-full size-full wp-image-39709 lazyload\" width=\"1240\" height=\"320\" src=\"data:image\/svg+xml;base64,PHN2ZyB2aWV3Qm94PScwIDAgMTI0MCAzMjAnIHhtbG5zPSdodHRwOi8vd3d3LnczLm9yZy8yMDAwL3N2Zyc+PC9zdmc+\" alt=\"sonnenklar.TV-App App Banner Homepage\" srcset=\"https:\/\/www.sonnenklar.tv\/blog\/wp-content\/uploads\/2026\/04\/Header-ganze-Breite-1240x320-1.jpg 1240w, https:\/\/www.sonnenklar.tv\/blog\/wp-content\/uploads\/2026\/04\/Header-ganze-Breite-1240x320-1-800x206.jpg 800w, https:\/\/www.sonnenklar.tv\/blog\/wp-content\/uploads\/2026\/04\/Header-ganze-Breite-1240x320-1-1160x299.jpg 1160w, https:\/\/www.sonnenklar.tv\/blog\/wp-content\/uploads\/2026\/04\/Header-ganze-Breite-1240x320-1-150x39.jpg 150w, https:\/\/www.sonnenklar.tv\/blog\/wp-content\/uploads\/2026\/04\/Header-ganze-Breite-1240x320-1-450x116.jpg 450w, https:\/\/www.sonnenklar.tv\/blog\/wp-content\/uploads\/2026\/04\/Header-ganze-Breite-1240x320-1-1200x310.jpg 1200w, https:\/\/www.sonnenklar.tv\/blog\/wp-content\/uploads\/2026\/04\/Header-ganze-Breite-1240x320-1-768x198.jpg 768w\" sizes=\"(max-width: 1240px) 100vw, 1240px\" data-src=\"https:\/\/www.sonnenklar.tv\/blog\/wp-content\/uploads\/2026\/04\/Header-ganze-Breite-1240x320-1.jpg\" \/>\t\t\t\t\t\t\t\t<\/a>\n\t\t\t\t\t\t\t\t\t\t\t\t\t\t\t<\/div>\n\t\t\t\t\t<\/div>\n\t\t<\/div>\n\t\t\t\t\t<\/div>\n\t\t<\/section>\n\t\t\t\t<\/div>\n\t\t","protected":false},"excerpt":{"rendered":"<p>Beliebte Artikel Bildergalerie zum sonnenklar.TV-Jubil\u00e4um: 25 Jahre viel.mehr.urlaub in Bildern Ulrike SpiewakAktualisiert:16. Februar 2026 Top 9 Reiseziele zur Kirschbl\u00fcte in Europa Camping mit Kindern: Tipps f\u00fcr gl\u00fcckliche Kids und entspannte Eltern Die 9 sch\u00f6nsten griechischen Inseln: Welche ist die richtige f\u00fcr mich? Italien: 9 sch\u00f6ne Orte am Meer f\u00fcr maritimes Urlaubsgl\u00fcck Aktuelle Artikel Neapel in<\/p>\n","protected":false},"author":57,"featured_media":0,"parent":0,"menu_order":0,"comment_status":"closed","ping_status":"closed","template":"page-templates\/no-wrapper.php","meta":{"footnotes":""},"class_list":["post-37235","page","type-page","status-publish"],"_links":{"self":[{"href":"https:\/\/www.sonnenklar.tv\/blog\/wp-json\/wp\/v2\/pages\/37235","targetHints":{"allow":["GET"]}}],"collection":[{"href":"https:\/\/www.sonnenklar.tv\/blog\/wp-json\/wp\/v2\/pages"}],"about":[{"href":"https:\/\/www.sonnenklar.tv\/blog\/wp-json\/wp\/v2\/types\/page"}],"author":[{"embeddable":true,"href":"https:\/\/www.sonnenklar.tv\/blog\/wp-json\/wp\/v2\/users\/57"}],"replies":[{"embeddable":true,"href":"https:\/\/www.sonnenklar.tv\/blog\/wp-json\/wp\/v2\/comments?post=37235"}],"version-history":[{"count":360,"href":"https:\/\/www.sonnenklar.tv\/blog\/wp-json\/wp\/v2\/pages\/37235\/revisions"}],"predecessor-version":[{"id":39716,"href":"https:\/\/www.sonnenklar.tv\/blog\/wp-json\/wp\/v2\/pages\/37235\/revisions\/39716"}],"wp:attachment":[{"href":"https:\/\/www.sonnenklar.tv\/blog\/wp-json\/wp\/v2\/media?parent=37235"}],"curies":[{"name":"wp","href":"https:\/\/api.w.org\/{rel}","templated":true}]}}